{"id":24708,"date":"2022-01-07T09:00:03","date_gmt":"2022-01-07T15:00:03","guid":{"rendered":"https:\/\/efficiencymb.ca\/in-suite-energy-efficiency-program\/"},"modified":"2026-09-02T14:03:47","modified_gmt":"2026-09-02T19:03:47","slug":"programme-ecoenergetique-dans-les-appartements","status":"publish","type":"page","link":"https:\/\/efficiencymb.ca\/fr\/programme-ecoenergetique-dans-les-appartements\/","title":{"rendered":"Programme \u00e9co\u00e9nerg\u00e9tique pour les appartements et condos"},"content":{"rendered":"\n<div class=\"wp-block-group is-style-content-wide\"><div class=\"wp-block-group__inner-container is-layout-flow wp-block-group-is-layout-flow\">\n<h2 class=\"wp-block-heading has-text-align-center is-style-hero-heading-grey\" id=\"energy-efficiency-upgrades-for-multi-family-buildings\">AM\u00c9LIORATIONS \u00c9CO\u00c9NERG\u00c9TIQUES POUR LES HABITATIONS MULTIFAMILIALES<\/h2>\n\n\n\n<p class=\"has-text-align-center has-medium-font-size wp-block-paragraph\">Notre Programme \u00e9co\u00e9nerg\u00e9tique pour les appartements et les condos aide les gestionnaires immobiliers et les propri\u00e9taires d\u2019immeubles r\u00e9sidentiels \u00e0 logements multiples, comme les appartements, les condos et les maisons en rang\u00e9e, \u00e0 am\u00e9liorer l\u2019efficacit\u00e9 \u00e9nerg\u00e9tique des logements de leurs immeubles. En apportant des am\u00e9liorations \u00e9co\u00e9nerg\u00e9tiques, vous pouvez r\u00e9duire la consommation d\u2019\u00e9nergie, ce qui permet \u00e0 vos r\u00e9sidents d\u2019\u00e9conomiser de l\u2019argent et \u00e0 vos locataires d\u2019am\u00e9liorer leur confort.<\/p>\n\n\n\n<p class=\"has-text-align-center has-medium-font-size wp-block-paragraph\">Nous proposons <a href=\"#choisissez-l-amelioration\">deux niveaux d\u2019am\u00e9liorations<\/a> pour vous permettre de choisir le type d\u2019am\u00e9lioration qui vous convient.<\/p>\n\n\n\n<p class=\"has-text-align-center has-medium-font-size wp-block-paragraph\">Nous collaborons avec CLEAResult<sup>MD<\/sup> Canada* pour offrir le Programme \u00e9co\u00e9nerg\u00e9tique pour les appartements et les condos.<\/p>\n<\/div><\/div>\n\n\n\n<div style=\"height:25px\" aria-hidden=\"true\" class=\"wp-block-spacer\"><\/div>\n\n\n\n<div class=\"wp-block-group is-style-content-wide\"><div class=\"wp-block-group__inner-container is-layout-constrained wp-block-group-is-layout-constrained\">\n<h2 class=\"wp-block-heading has-text-align-center\">AVANTAGES DE PARTICIPER \u00c0 NOTRE PROGRAMME \u00c9CO\u00c9NERG\u00c9TIQUE POUR LES APPARTEMENTS ET LES CONDOS<\/h2>\n\n\n\n<p class=\"has-text-align-center has-medium-font-size wp-block-paragraph\">Les am\u00e9liorations \u00e9co\u00e9nerg\u00e9tiques dans vos appartements et condos comportent de nombreux avantages&nbsp;:<\/p>\n\n\n\n<ul class=\"wp-block-list is-style-medium\">\n<li class=\"has-medium-font-size\">R\u00e9duisez la consommation d\u2019\u00e9lectricit\u00e9, la consommation d\u2019eau et les factures \u00e9nerg\u00e9tiques<\/li>\n\n\n\n<li class=\"has-medium-font-size\">Am\u00e9liorez du confort des r\u00e9sidents<\/li>\n\n\n\n<li class=\"has-medium-font-size\">Obtenez des appareils \u00e9co\u00e9nerg\u00e9tiques gratuits avec une am\u00e9lioration de base<\/li>\n\n\n\n<li class=\"has-medium-font-size\">Recevez une prime de 70&nbsp;% sur le co\u00fbt des mat\u00e9riaux des am\u00e9liorations Premium<\/li>\n\n\n\n<li class=\"has-medium-font-size\">B\u00e9n\u00e9ficiez de l\u2019installation gratuite pour toutes les am\u00e9liorations admissibles<\/li>\n<\/ul>\n<\/div><\/div>\n\n\n\n<div style=\"height:25px\" aria-hidden=\"true\" class=\"wp-block-spacer\"><\/div>\n\n\n\n<h2 class=\"wp-block-heading has-text-align-center\" id=\"choisissez-l-amelioration\">CHOISISSEZ L\u2019AM\u00c9LIORATION QUI R\u00c9POND \u00c0 VOS BESOINS<\/h2>\n\n\n\n<div class=\"wp-block-group is-style-content-wide\"><div class=\"wp-block-group__inner-container is-layout-flow wp-block-group-is-layout-flow\">\n<div class=\"wp-block-columns is-layout-flex wp-container-core-columns-is-layout-8f761849 wp-block-columns-is-layout-flex\">\n<div class=\"wp-block-column is-layout-flow wp-block-column-is-layout-flow\"><div class=\"pricing-list\">\r\n\t<div class=\"compare-container\">\r\n\t\t<div class=\"compare-item\">\r\n\r\n\t\t\t\t\t\t<h3 class=\"has-text-align-center compare-title\" style=\"height:50px;\">AM\u00c9LIORATIONS DE BASE<\/h3>\r\n\t\t\t\r\n\t\t\t\t\t\t<h4 class=\"has-text-align-center compare-name compare-name-flex\" style=\"height:50px;\" >\r\n\t\t\t\tSANS FRAIS<\/h4>\r\n\t\t\t\r\n\t\t\t<div class=\"compare-content\" style=\"min-height:500px;\">\r\n\r\n\t\t\t\t\t\t\t\t\t<ul class=\"iconic-list mini\">\n<\/li>\n<li>\n<p class=\"p1\">Barres multiprises \u00e9volu\u00e9es niveau 2 gratuites<\/p>\n<\/li>\n<li>\n<p class=\"p1\">A\u00e9rateurs de robinets pour salle de bain gratuits<\/p>\n<\/li>\n<li>A\u00e9rateurs de robinets pour cuisine gratuits<\/li>\n<li>Pommes de douche gratuites<\/li>\n<li>Cartes-thermom\u00e8tres pour r\u00e9frig\u00e9rateur gratuites<\/li>\n<li>Minuteries de douche gratuites<\/li>\n<li>Enveloppe isolante gratuite pour tuyau de chauffe-eau<\/li>\n<li>Trousses d\u2019isolation de fen\u00eatres gratuites<\/li>\n<li>Installation gratuite par un technicien de CLEAResult CanadaMD<\/li>\n<\/ul>\n\t\t\t\t\r\n\t\t\t<\/div>\t\t\t\r\n\r\n\t\t<\/div>\r\n\t<\/div>\t\r\n<\/div><\/div>\n\n\n\n<div class=\"wp-block-column is-layout-flow wp-block-column-is-layout-flow\"><div class=\"pricing-list\">\r\n\t<div class=\"compare-container\">\r\n\t\t<div class=\"compare-item\">\r\n\r\n\t\t\t\t\t\t<h3 class=\"has-text-align-center compare-title\" style=\"height:50px;\">AM\u00c9LIORATIONS PREMIUM<\/h3>\r\n\t\t\t\r\n\t\t\t\t\t\t<h4 class=\"has-text-align-center compare-name compare-name-flex\" style=\"height:50px;\" >\r\n\t\t\t\t<span><span style=\"font-size: .8em;\">NOUS ASSUMONS  DES CO\u00dbTS <br> + INSTALLATION GRATUITE<\/span><\/span><span style=\"font-size: .8em;\">70 %<\/span><\/h4>\r\n\t\t\t\r\n\t\t\t<div class=\"compare-content\" style=\"min-height:500px;\">\r\n\r\n\t\t\t\t\t\t\t\t\t<ul class=\"iconic-list mini\">\n<li>Comprend l\u2019am\u00e9lioration de base gratuite<\/li>\n<li>70 % des co\u00fbts des mat\u00e9riaux pour :\n<ul class=\"iconic-list mini\">\n<li>les thermostats intelligents<\/li>\n<li>les commandes de VRC \u00e9volu\u00e9es<\/li>\n<\/ul>\n<\/li>\n<li>Installation gratuite par un \u00e9lectricien agr\u00e9\u00e9<\/li>\n<\/ul>\n\t\t\t\t\r\n\t\t\t<\/div>\t\t\t\r\n\r\n\t\t<\/div>\r\n\t<\/div>\t\r\n<\/div><\/div>\n<\/div>\n<\/div><\/div>\n\n\n\n<div style=\"height:100px\" aria-hidden=\"true\" class=\"wp-block-spacer\"><\/div>\n\n\n<div class=\"theme-button wp-block-button aligncenter\">\r\n\t<a target=\"_blank\" class=\"wp-block-button__link has-background no-border-radius button cta button-large\" href=\"https:\/\/efficiencymb.ca\/fr\/programme-ecoenergetique-dans-les-appartements\/contactez-nous\/\"><strong>PR\u00c9SENTEZ UNE DEMANDE POUR RECEVOIR <\/strong><br>VOTRE AM\u00c9LIORATION DE BASE GRATUITE<\/a>\r\n<\/div>\n\n\n<div style=\"height:100px\" aria-hidden=\"true\" class=\"wp-block-spacer\"><\/div>\n\n\n\n<h2 class=\"wp-block-heading has-text-align-center is-style-hero-heading\" id=\"basic-upgrades\">AM\u00c9LIORATIONS DE BASE<\/h2>\n\n\n\r\n\t<div class=\"product-blocks\">\r\n\t\t\t\t\t<div class=\"wp-block-columns gridbox product-block image-left blue\">\r\n\t\t\t<div class=\"wp-block-column grid-image\">\r\n\t\t\t\t                <figure class=\"wp-block-image size-large\">\r\n                    <img decoding=\"async\" class=\"acf-figure-image\" \r\n            src=\"https:\/\/efficiencymb.ca\/wp-content\/uploads\/small-business-showerhead-scaled-e1624973470558.jpg\"\r\n            srcset=\"\"\r\n            sizes=\"(max-width: 2560px) 100vw, 2560px\" \r\n            alt=\"\"\r\n        \/>\r\n                        <\/figure>\r\n            \t\t\t<\/div>\r\n\t\t\t<div class=\"wp-block-column grid-content\">\r\n\t\t\t\t<h3>POMMES DE DOUCHE<\/h3>\r\n\t\t\t\t<p><span class=\"small\">Jusqu\u2019\u00e0 deux par appartement<\/span><\/p>\n<p><span class=\"fs-medium-30\">GRATUITES<\/span><\/p>\n<p><span class=\"small\">Choisissez entre le mod\u00e8le fixe ou \u00e0 main<\/span><\/p>\n\t\t\t<\/div>\r\n\t\t<\/div>\r\n\t\t\t\t\t<div class=\"wp-block-columns gridbox product-block image-right green\">\r\n\t\t\t<div class=\"wp-block-column grid-image\">\r\n\t\t\t\t                <figure class=\"wp-block-image size-large\">\r\n                    <img decoding=\"async\" class=\"acf-figure-image\" \r\n            src=\"https:\/\/efficiencymb.ca\/wp-content\/uploads\/faucet-aerator-scaled-e1623898104820.jpg\"\r\n            srcset=\"\"\r\n            sizes=\"(max-width: 1707px) 100vw, 1707px\" \r\n            alt=\"\"\r\n        \/>\r\n                        <\/figure>\r\n            \t\t\t<\/div>\r\n\t\t\t<div class=\"wp-block-column grid-content\">\r\n\t\t\t\t<h3>A\u00c9RATEURS DE ROBINETS DE CUISINE<\/h3>\r\n\t\t\t\t<p><span class=\"small\">Un par appartement<\/span><\/p>\n<p><span class=\"fs-medium-30\">GRATUIT<\/span><\/p>\n\t\t\t<\/div>\r\n\t\t<\/div>\r\n\t\t\t\t\t<div class=\"wp-block-columns gridbox product-block image-left blue\">\r\n\t\t\t<div class=\"wp-block-column grid-image\">\r\n\t\t\t\t                <figure class=\"wp-block-image size-large\">\r\n                    <img decoding=\"async\" class=\"acf-figure-image\" \r\n            src=\"https:\/\/efficiencymb.ca\/wp-content\/uploads\/product-faucet-aerator.jpg\"\r\n            srcset=\"https:\/\/efficiencymb.ca\/wp-content\/uploads\/product-faucet-aerator.jpg 829w, https:\/\/efficiencymb.ca\/wp-content\/uploads\/product-faucet-aerator-269x269.jpg 269w, https:\/\/efficiencymb.ca\/wp-content\/uploads\/product-faucet-aerator-768x768.jpg 768w\"\r\n            sizes=\"(max-width: 829px) 100vw, 829px\" \r\n            alt=\"\"\r\n        \/>\r\n                        <\/figure>\r\n            \t\t\t<\/div>\r\n\t\t\t<div class=\"wp-block-column grid-content\">\r\n\t\t\t\t<h3>A\u00c9RATEURS DE ROBINETS DE SALLE DE BAIN<\/h3>\r\n\t\t\t\t<p><span class=\"small\">Jusqu\u2019\u00e0 trois par appartement<\/span><\/p>\n<p><span class=\"fs-medium-30\">GRATUITS<\/span><\/p>\n\t\t\t<\/div>\r\n\t\t<\/div>\r\n\t\t\t\t\t<div class=\"wp-block-columns gridbox product-block image-right green\">\r\n\t\t\t<div class=\"wp-block-column grid-image\">\r\n\t\t\t\t                <figure class=\"wp-block-image size-large\">\r\n                    <img decoding=\"async\" class=\"acf-figure-image\" \r\n            src=\"https:\/\/efficiencymb.ca\/wp-content\/uploads\/ISSEP-and-SBP-Tier-2-advanced-power-strip.jpg\"\r\n            srcset=\"https:\/\/efficiencymb.ca\/wp-content\/uploads\/ISSEP-and-SBP-Tier-2-advanced-power-strip.jpg 1000w, https:\/\/efficiencymb.ca\/wp-content\/uploads\/ISSEP-and-SBP-Tier-2-advanced-power-strip-269x269.jpg 269w, https:\/\/efficiencymb.ca\/wp-content\/uploads\/ISSEP-and-SBP-Tier-2-advanced-power-strip-768x768.jpg 768w\"\r\n            sizes=\"(max-width: 1000px) 100vw, 1000px\" \r\n            alt=\"\"\r\n        \/>\r\n                        <\/figure>\r\n            \t\t\t<\/div>\r\n\t\t\t<div class=\"wp-block-column grid-content\">\r\n\t\t\t\t<h3>Multiprises avanc\u00e9es de niveau 2 gratuites<\/h3>\r\n\t\t\t\t<p><span class=\"small\">Un par condo ou appartement<\/span><\/p>\n<p><span class=\"fs-medium-30\">GRATUIT<\/span><\/p>\n\t\t\t<\/div>\r\n\t\t<\/div>\r\n\t\t<\/div>\r\n\t\r\n\n\n\n<div style=\"height:100px\" aria-hidden=\"true\" class=\"wp-block-spacer\"><\/div>\n\n\n\n<h2 class=\"wp-block-heading has-text-align-center is-style-hero-heading\" id=\"premium-upgrades\">AM\u00c9LIORATIONS PREMIUM<\/h2>\n\n\n\r\n\t<div class=\"product-blocks\">\r\n\t\t\t\t\t<div class=\"wp-block-columns gridbox product-block image-left blue\">\r\n\t\t\t<div class=\"wp-block-column grid-image\">\r\n\t\t\t\t                <figure class=\"wp-block-image size-large\">\r\n                    <img decoding=\"async\" class=\"acf-figure-image\" \r\n            src=\"https:\/\/efficiencymb.ca\/wp-content\/uploads\/Smart-Thermostat-premium-ecobee-in-suite-energy-efficiency-program.jpg\"\r\n            srcset=\"https:\/\/efficiencymb.ca\/wp-content\/uploads\/Smart-Thermostat-premium-ecobee-in-suite-energy-efficiency-program.jpg 1000w, https:\/\/efficiencymb.ca\/wp-content\/uploads\/Smart-Thermostat-premium-ecobee-in-suite-energy-efficiency-program-269x269.jpg 269w, https:\/\/efficiencymb.ca\/wp-content\/uploads\/Smart-Thermostat-premium-ecobee-in-suite-energy-efficiency-program-768x768.jpg 768w\"\r\n            sizes=\"(max-width: 1000px) 100vw, 1000px\" \r\n            alt=\"\"\r\n        \/>\r\n                        <\/figure>\r\n            \t\t\t<\/div>\r\n\t\t\t<div class=\"wp-block-column grid-content\">\r\n\t\t\t\t<h3>THERMOSTATS INTELLIGENTS ECOBEE <\/h3>\r\n\t\t\t\t<p><span class=\"fs-medium-16\">Nous payons 70 % des co\u00fbts des mat\u00e9riaux + installation gratuite<\/span><\/p>\n\t\t\t<\/div>\r\n\t\t<\/div>\r\n\t\t\t\t\t<div class=\"wp-block-columns gridbox product-block image-right green\">\r\n\t\t\t<div class=\"wp-block-column grid-image\">\r\n\t\t\t\t                <figure class=\"wp-block-image size-large\">\r\n                    <img decoding=\"async\" class=\"acf-figure-image\" \r\n            src=\"https:\/\/efficiencymb.ca\/wp-content\/uploads\/mysa-smart-thermostat-insuite-energy-efficiency-program.jpg\"\r\n            srcset=\"https:\/\/efficiencymb.ca\/wp-content\/uploads\/mysa-smart-thermostat-insuite-energy-efficiency-program.jpg 1000w, https:\/\/efficiencymb.ca\/wp-content\/uploads\/mysa-smart-thermostat-insuite-energy-efficiency-program-269x269.jpg 269w, https:\/\/efficiencymb.ca\/wp-content\/uploads\/mysa-smart-thermostat-insuite-energy-efficiency-program-768x768.jpg 768w\"\r\n            sizes=\"(max-width: 1000px) 100vw, 1000px\" \r\n            alt=\"\"\r\n        \/>\r\n                        <\/figure>\r\n            \t\t\t<\/div>\r\n\t\t\t<div class=\"wp-block-column grid-content\">\r\n\t\t\t\t<h3>THERMOSTATS INTELLIGENTS MYSA<\/h3>\r\n\t\t\t\t<p><span class=\"fs-medium-16\">Nous payons 70 % des co\u00fbts des mat\u00e9riaux + installation gratuite<\/span><\/p>\n\t\t\t<\/div>\r\n\t\t<\/div>\r\n\t\t\t\t\t<div class=\"wp-block-columns gridbox product-block image-left blue\">\r\n\t\t\t<div class=\"wp-block-column grid-image\">\r\n\t\t\t\t                <figure class=\"wp-block-image size-large\">\r\n                    <img decoding=\"async\" class=\"acf-figure-image\" \r\n            src=\"https:\/\/efficiencymb.ca\/wp-content\/uploads\/Broan-VTTOUCHW_HRV-controls-insuite-energy-efficiency-program.jpg\"\r\n            srcset=\"https:\/\/efficiencymb.ca\/wp-content\/uploads\/Broan-VTTOUCHW_HRV-controls-insuite-energy-efficiency-program.jpg 1000w, https:\/\/efficiencymb.ca\/wp-content\/uploads\/Broan-VTTOUCHW_HRV-controls-insuite-energy-efficiency-program-269x269.jpg 269w, https:\/\/efficiencymb.ca\/wp-content\/uploads\/Broan-VTTOUCHW_HRV-controls-insuite-energy-efficiency-program-768x768.jpg 768w\"\r\n            sizes=\"(max-width: 1000px) 100vw, 1000px\" \r\n            alt=\"\"\r\n        \/>\r\n                        <\/figure>\r\n            \t\t\t<\/div>\r\n\t\t\t<div class=\"wp-block-column grid-content\">\r\n\t\t\t\t<h3>DISPOSITIFS DE COMMANDE \u00c9VOLU\u00c9S DE VRC BROAN<\/h3>\r\n\t\t\t\t<p><span class=\"fs-medium-16\">Nous payons 70 % des co\u00fbts des mat\u00e9riaux + installation gratuite<\/span><\/p>\n\t\t\t<\/div>\r\n\t\t<\/div>\r\n\t\t<\/div>\r\n\t\r\n\n\n\n<div style=\"height:30px\" aria-hidden=\"true\" class=\"wp-block-spacer\"><\/div>\n\n\n\n<div class=\"wp-block-group is-style-content-wide\"><div class=\"wp-block-group__inner-container is-layout-flow wp-block-group-is-layout-flow\">\n<h2 class=\"wp-block-heading has-text-align-center is-style-hero-heading\" id=\"do-you-qualify\">\u00caTES-VOUS ADMISSIBLE?<\/h2>\n\n\n\n<div class=\"wp-block-group is-style-content-columns\"><div class=\"wp-block-group__inner-container is-layout-flow wp-block-group-is-layout-flow\">\n<ul class=\"wp-block-list is-style-small\">\n<li class=\"has-medium-font-size\">Vous \u00eates le gestionnaire immobilier, le propri\u00e9taire ou un membre du conseil d\u2019administration d\u2019un appartement, d\u2019un condo ou d\u2019une maison en rang\u00e9e.<\/li>\n\n\n\n<li class=\"has-medium-font-size\">Votre b\u00e2timent compte quatre appartements ou condos ou plus.<\/li>\n<\/ul>\n<\/div><\/div>\n<\/div><\/div>\n\n\n<div class=\"theme-button wp-block-button aligncenter\">\r\n\t<a target=\"_blank\" class=\"wp-block-button__link has-background no-border-radius button cta button-large\" href=\"https:\/\/efficiencymb.ca\/fr\/programme-ecoenergetique-dans-les-appartements\/contactez-nous\/\"><strong>PR\u00c9SENTEZ UNE<\/strong><br>DEMANDE MAINTENANT<\/a>\r\n<\/div>\n\n\n<figure class=\"wp-block-image size-full slant\"><img loading=\"lazy\" decoding=\"async\" width=\"2000\" height=\"400\" src=\"https:\/\/efficiencymb.ca\/wp-content\/uploads\/bg-two-tone-green@2x.png\" alt=\"\" class=\"wp-image-592\" srcset=\"https:\/\/efficiencymb.ca\/wp-content\/uploads\/bg-two-tone-green@2x.png 2000w, https:\/\/efficiencymb.ca\/wp-content\/uploads\/bg-two-tone-green@2x-479x96.png 479w, https:\/\/efficiencymb.ca\/wp-content\/uploads\/bg-two-tone-green@2x-1024x205.png 1024w, https:\/\/efficiencymb.ca\/wp-content\/uploads\/bg-two-tone-green@2x-768x154.png 768w, https:\/\/efficiencymb.ca\/wp-content\/uploads\/bg-two-tone-green@2x-1536x307.png 1536w\" sizes=\"auto, (max-width: 2000px) 100vw, 2000px\" \/><\/figure>\n\n\n\n<div class=\"wp-block-group has-background\" style=\"background-color:#f4f3f3\"><div class=\"wp-block-group__inner-container is-layout-flow wp-block-group-is-layout-flow\">\n<h2 class=\"wp-block-heading has-text-align-center is-style-hero-heading-grey\" id=\"steps-to-participate\">\u00c9TAPES POUR PARTICIPER<\/h2>\n\n\n\n<ol class=\"iconic-list large\">\n<li>\n<h3><strong>PR\u00c9SENTEZ<\/strong>\u00a0UNE DEMANDE EN LIGNE<\/h3>\n<p>Communiquez avec nous en remplissant notre formulaire de demande en ligne. Notre fournisseur de services, CLEAResult Canada, communiquera avec vous pour fixer un rendez-vous pour votre am\u00e9lioration de base gratuite.<\/p>\n<\/li>\n<li>\n<h3><strong>OBTENEZ<\/strong> DES AM\u00c9LIORATIONS DE BASE GRATUITES<\/h3>\n<p>Le jour de votre rendez-vous, un technicien de CLEAResult Canada vous accompagnera d\u2019un logement \u00e0 un autre pour installer les am\u00e9liorations de base gratuites.<\/p>\n<\/li>\n<li>\n<h3><strong>ECONOMISEZ<\/strong> ENCOR PLUS<\/h3>\n<p>Une fois sur place, CLEAResult Canada vous informera de tout autre incitatif auquel les logements pourraient \u00eatre admissibles dans le cadre des am\u00e9liorations Premium. Si vous d\u00e9cidez d\u2019aller de l\u2019avant, l\u2019\u00e9quipe de CLEAResult collaborera avec son \u00e9lectricien sous-traitant qualifi\u00e9 pour installer vos appareils \u00e9co\u00e9nerg\u00e9tiques. Nous assumons 70\u00a0% des co\u00fbts des mat\u00e9riaux et offrons l\u2019installation gratuite; vous n\u2019avez qu\u2019\u00e0 payer le solde.<\/p>\n<\/li>\n<\/ol>\n\n\n<div class=\"theme-button wp-block-button aligncenter\">\r\n\t<a  class=\"wp-block-button__link has-background no-border-radius button cta button-large\" href=\"https:\/\/efficiencymb.ca\/fr\/programme-ecoenergetique-dans-les-appartements\/contactez-nous\/\"><strong>PR\u00c9SENTEZ UNE DEMANDE POUR VOTRE <\/strong><br>AM\u00c9LIORATION DE BASE GRATUITE<\/a>\r\n<\/div><\/div><\/div>\n\n\n\n<figure class=\"wp-block-image size-full slant\"><img loading=\"lazy\" decoding=\"async\" width=\"2000\" height=\"400\" src=\"https:\/\/efficiencymb.ca\/wp-content\/uploads\/bg-two-tone-green-bottom@2x.png\" alt=\"\" class=\"wp-image-609\" srcset=\"https:\/\/efficiencymb.ca\/wp-content\/uploads\/bg-two-tone-green-bottom@2x.png 2000w, https:\/\/efficiencymb.ca\/wp-content\/uploads\/bg-two-tone-green-bottom@2x-479x96.png 479w, https:\/\/efficiencymb.ca\/wp-content\/uploads\/bg-two-tone-green-bottom@2x-1024x205.png 1024w, https:\/\/efficiencymb.ca\/wp-content\/uploads\/bg-two-tone-green-bottom@2x-768x154.png 768w, https:\/\/efficiencymb.ca\/wp-content\/uploads\/bg-two-tone-green-bottom@2x-1536x307.png 1536w\" sizes=\"auto, (max-width: 2000px) 100vw, 2000px\" \/><\/figure>\n\n\n\n<div class=\"wp-block-group is-style-content-columns\"><div class=\"wp-block-group__inner-container is-layout-constrained wp-block-group-is-layout-constrained\">\n<p class=\"has-text-align-center wp-block-paragraph\">Pour en savoir plus sur le Programme \u00e9co\u00e9nerg\u00e9tique dans les appartements, consultez la <a href=\"https:\/\/efficiencymb.ca\/fr\/programme-ecoenergetique-dans-les-appartements\/foire-aux-questions-sur-lefficacite-energetique-dans-les-appartements\/\">Foire aux questions<\/a>.<\/p>\n<\/div><\/div>\n\n\n\n<div style=\"height:100px\" aria-hidden=\"true\" class=\"wp-block-spacer\"><\/div>\n\n\n\n<h2 class=\"wp-block-heading has-text-align-center\">EN SAVOIR PLUS<\/h2>\n\n\n\n<div class=\"featured-post-block\">\n\t<div class=\"featured-post-block-items\" data-slidesToShow=\"2\" data-auto=\"\" data-autoplayspeed=\"\">\n\t\t\t\t\t<div class=\"featured-post-block-item\">\n\t\t\t\t<div class=\"featured-post-block-item-img\">\n\t\t\t\t\t<a class=\"featured-post-block-item-more\" href=\"https:\/\/efficiencymb.ca\/fr\/articles\/projet-en-vedette-northview-residential-reit\/\"><img loading=\"lazy\" decoding=\"async\" width=\"2400\" height=\"1350\" src=\"https:\/\/efficiencymb.ca\/wp-content\/uploads\/In-Suite-Energy-Efficiency-Program-Northview-Reit-01.jpg\" class=\"attachment-post-thumbnail size-post-thumbnail wp-post-image\" alt=\"PROJET EN VEDETTE : NORTHVIEW RESIDENTIAL REIT\" srcset=\"https:\/\/efficiencymb.ca\/wp-content\/uploads\/In-Suite-Energy-Efficiency-Program-Northview-Reit-01.jpg 2400w, https:\/\/efficiencymb.ca\/wp-content\/uploads\/In-Suite-Energy-Efficiency-Program-Northview-Reit-01-479x269.jpg 479w, https:\/\/efficiencymb.ca\/wp-content\/uploads\/In-Suite-Energy-Efficiency-Program-Northview-Reit-01-1024x576.jpg 1024w, https:\/\/efficiencymb.ca\/wp-content\/uploads\/In-Suite-Energy-Efficiency-Program-Northview-Reit-01-768x432.jpg 768w, https:\/\/efficiencymb.ca\/wp-content\/uploads\/In-Suite-Energy-Efficiency-Program-Northview-Reit-01-1536x864.jpg 1536w, https:\/\/efficiencymb.ca\/wp-content\/uploads\/In-Suite-Energy-Efficiency-Program-Northview-Reit-01-2048x1152.jpg 2048w, https:\/\/efficiencymb.ca\/wp-content\/uploads\/In-Suite-Energy-Efficiency-Program-Northview-Reit-01-1920x1080.jpg 1920w\" sizes=\"auto, (max-width: 2400px) 100vw, 2400px\" \/><\/a>\n\t\t\t\t<\/div>\n\t\t\t\t<div class=\"featured-post-block-item-content\">\n\t\t\t\t\t<h3 class=\"wp-block-getwid-template-post-title\"><a href=\"https:\/\/efficiencymb.ca\/fr\/articles\/projet-en-vedette-northview-residential-reit\/\">PROJET EN VEDETTE : NORTHVIEW RESIDENTIAL REIT<\/a><\/h3>\n\t\t\t\t\t<div class=\"featured-post-block-item-excerpt\">\n\t\t\t\t\t\tNotre Programme \u00e9co\u00e9nerg\u00e9tique pour les appartements et les condos offre une gamme compl\u00e8te de services permettant de r\u00e9duire la consommation d\u2019\u00e9nergie et les frais d\u2019exploitation des appartements, des maisons en\u2026\t\t\t\t\t<\/div>\n\t\t\t\t\t<!-- <a class=\"featured-post-block-item-more\" href=\"\"><\/a> -->\n\t\t\t\t\t<a class=\"featured-post-block-item-more\" href=\"https:\/\/efficiencymb.ca\/fr\/articles\/projet-en-vedette-northview-residential-reit\/\" aria-label=\"Poursuivre la lecture... PROJET EN VEDETTE : NORTHVIEW RESIDENTIAL REIT\">Poursuivre la lecture&#8230;<\/a>\n\t\t\t\t<\/div>\n\t\t\t<\/div>\n\t\t\t\t\t<div class=\"featured-post-block-item\">\n\t\t\t\t<div class=\"featured-post-block-item-img\">\n\t\t\t\t\t<a class=\"featured-post-block-item-more\" href=\"https:\/\/efficiencymb.ca\/fr\/articles\/projet-en-vedette-500-tache\/\"><img loading=\"lazy\" decoding=\"async\" width=\"2400\" height=\"1350\" src=\"https:\/\/efficiencymb.ca\/wp-content\/uploads\/In-suite-energy-efficiency-program-500-tache-exterior-01.png\" class=\"attachment-post-thumbnail size-post-thumbnail wp-post-image\" alt=\"PROJET EN VEDETTE\u00a0: IMMEUBLE SITU\u00c9 AU 500, AVENUE TACH\u00c9\" srcset=\"https:\/\/efficiencymb.ca\/wp-content\/uploads\/In-suite-energy-efficiency-program-500-tache-exterior-01.png 2400w, https:\/\/efficiencymb.ca\/wp-content\/uploads\/In-suite-energy-efficiency-program-500-tache-exterior-01-479x269.png 479w, https:\/\/efficiencymb.ca\/wp-content\/uploads\/In-suite-energy-efficiency-program-500-tache-exterior-01-1024x576.png 1024w, https:\/\/efficiencymb.ca\/wp-content\/uploads\/In-suite-energy-efficiency-program-500-tache-exterior-01-768x432.png 768w, https:\/\/efficiencymb.ca\/wp-content\/uploads\/In-suite-energy-efficiency-program-500-tache-exterior-01-1536x864.png 1536w, https:\/\/efficiencymb.ca\/wp-content\/uploads\/In-suite-energy-efficiency-program-500-tache-exterior-01-2048x1152.png 2048w, https:\/\/efficiencymb.ca\/wp-content\/uploads\/In-suite-energy-efficiency-program-500-tache-exterior-01-1920x1080.png 1920w\" sizes=\"auto, (max-width: 2400px) 100vw, 2400px\" \/><\/a>\n\t\t\t\t<\/div>\n\t\t\t\t<div class=\"featured-post-block-item-content\">\n\t\t\t\t\t<h3 class=\"wp-block-getwid-template-post-title\"><a href=\"https:\/\/efficiencymb.ca\/fr\/articles\/projet-en-vedette-500-tache\/\">PROJET EN VEDETTE\u00a0: IMMEUBLE SITU\u00c9 AU 500, AVENUE TACH\u00c9<\/a><\/h3>\n\t\t\t\t\t<div class=\"featured-post-block-item-excerpt\">\n\t\t\t\t\t\tSi vous \u00eates un gestionnaire immobilier ou un propri\u00e9taire qui d\u00e9sire r\u00e9duire sa consommation d\u2019\u00e9nergie (et ses factures \u00e9nerg\u00e9tiques) dans un immeuble r\u00e9sidentiel \u00e0 logements multiples, notre Programme \u00e9co\u00e9nerg\u00e9tique pour\u2026\t\t\t\t\t<\/div>\n\t\t\t\t\t<!-- <a class=\"featured-post-block-item-more\" href=\"\"><\/a> -->\n\t\t\t\t\t<a class=\"featured-post-block-item-more\" href=\"https:\/\/efficiencymb.ca\/fr\/articles\/projet-en-vedette-500-tache\/\" aria-label=\"Poursuivre la lecture... PROJET EN VEDETTE\u00a0: IMMEUBLE SITU\u00c9 AU 500, AVENUE TACH\u00c9\">Poursuivre la lecture&#8230;<\/a>\n\t\t\t\t<\/div>\n\t\t\t<\/div>\n\t\t\t\t\t<div class=\"featured-post-block-item\">\n\t\t\t\t<div class=\"featured-post-block-item-img\">\n\t\t\t\t\t<a class=\"featured-post-block-item-more\" href=\"https:\/\/efficiencymb.ca\/fr\/articles\/projet-en-vedette-skyview-terrace-condos\/\"><img loading=\"lazy\" decoding=\"async\" width=\"2560\" height=\"1920\" src=\"https:\/\/efficiencymb.ca\/wp-content\/uploads\/Skyview-Terrace-In-suite-Energy-Efficiency-Program-scaled-e1749822313422.jpg\" class=\"attachment-post-thumbnail size-post-thumbnail wp-post-image\" alt=\"PROJET EN VEDETTE\u00a0: SKYVIEW TERRACE CONDOS\" \/><\/a>\n\t\t\t\t<\/div>\n\t\t\t\t<div class=\"featured-post-block-item-content\">\n\t\t\t\t\t<h3 class=\"wp-block-getwid-template-post-title\"><a href=\"https:\/\/efficiencymb.ca\/fr\/articles\/projet-en-vedette-skyview-terrace-condos\/\">PROJET EN VEDETTE\u00a0: SKYVIEW TERRACE CONDOS<\/a><\/h3>\n\t\t\t\t\t<div class=\"featured-post-block-item-excerpt\">\n\t\t\t\t\t\t\u00cates-vous gestionnaire immobilier, propri\u00e9taire ou membre du conseil d\u2019administration d\u2019un immeuble r\u00e9sidentiel \u00e0 logements multiples? Notre Programme \u00e9co\u00e9nerg\u00e9tique pour les appartements et les condos vous offre des possibilit\u00e9s d\u2019am\u00e9liorer l\u2019efficacit\u00e9\u2026\t\t\t\t\t<\/div>\n\t\t\t\t\t<!-- <a class=\"featured-post-block-item-more\" href=\"\"><\/a> -->\n\t\t\t\t\t<a class=\"featured-post-block-item-more\" href=\"https:\/\/efficiencymb.ca\/fr\/articles\/projet-en-vedette-skyview-terrace-condos\/\" aria-label=\"Poursuivre la lecture... PROJET EN VEDETTE\u00a0: SKYVIEW TERRACE CONDOS\">Poursuivre la lecture&#8230;<\/a>\n\t\t\t\t<\/div>\n\t\t\t<\/div>\n\t\t\t\t\t<div class=\"featured-post-block-item\">\n\t\t\t\t<div class=\"featured-post-block-item-img\">\n\t\t\t\t\t<a class=\"featured-post-block-item-more\" href=\"https:\/\/efficiencymb.ca\/fr\/articles\/projet-en-vedette-hazelview-properties\/\"><img loading=\"lazy\" decoding=\"async\" width=\"2560\" height=\"1707\" src=\"https:\/\/efficiencymb.ca\/wp-content\/uploads\/15Arden2_Hazelview-scaled-e1722277010778.jpg\" class=\"attachment-post-thumbnail size-post-thumbnail wp-post-image\" alt=\"PROJET EN VEDETTE\u00a0: HAZELVIEW PROPERTIES\" \/><\/a>\n\t\t\t\t<\/div>\n\t\t\t\t<div class=\"featured-post-block-item-content\">\n\t\t\t\t\t<h3 class=\"wp-block-getwid-template-post-title\"><a href=\"https:\/\/efficiencymb.ca\/fr\/articles\/projet-en-vedette-hazelview-properties\/\">PROJET EN VEDETTE\u00a0: HAZELVIEW PROPERTIES<\/a><\/h3>\n\t\t\t\t\t<div class=\"featured-post-block-item-excerpt\">\n\t\t\t\t\t\t\u00cates-vous gestionnaire immobilier ou propri\u00e9taire d\u2019un immeuble r\u00e9sidentiel \u00e0 logements multiples? D\u00e9couvrez comment vous pouvez augmenter l\u2019efficacit\u00e9 \u00e9nerg\u00e9tique de votre immeuble et r\u00e9duire vos factures pour les services publics gr\u00e2ce\u2026\t\t\t\t\t<\/div>\n\t\t\t\t\t<!-- <a class=\"featured-post-block-item-more\" href=\"\"><\/a> -->\n\t\t\t\t\t<a class=\"featured-post-block-item-more\" href=\"https:\/\/efficiencymb.ca\/fr\/articles\/projet-en-vedette-hazelview-properties\/\" aria-label=\"Poursuivre la lecture... PROJET EN VEDETTE\u00a0: HAZELVIEW PROPERTIES\">Poursuivre la lecture&#8230;<\/a>\n\t\t\t\t<\/div>\n\t\t\t<\/div>\n\t\t\t\t\t<div class=\"featured-post-block-item\">\n\t\t\t\t<div class=\"featured-post-block-item-img\">\n\t\t\t\t\t<a class=\"featured-post-block-item-more\" href=\"https:\/\/efficiencymb.ca\/fr\/articles\/des-economies-vertigineuses\/\"><img loading=\"lazy\" decoding=\"async\" width=\"2560\" height=\"1920\" src=\"https:\/\/efficiencymb.ca\/wp-content\/uploads\/IMG_1654-scaled-e1688650013736.jpg\" class=\"attachment-post-thumbnail size-post-thumbnail wp-post-image\" alt=\"DES \u00c9CONOMIES VERTIGINEUSES\" \/><\/a>\n\t\t\t\t<\/div>\n\t\t\t\t<div class=\"featured-post-block-item-content\">\n\t\t\t\t\t<h3 class=\"wp-block-getwid-template-post-title\"><a href=\"https:\/\/efficiencymb.ca\/fr\/articles\/des-economies-vertigineuses\/\">DES \u00c9CONOMIES VERTIGINEUSES<\/a><\/h3>\n\t\t\t\t\t<div class=\"featured-post-block-item-excerpt\">\n\t\t\t\t\t\tSi vous poss\u00e9dez ou g\u00e9rez un immeuble locatif \u00e0 logements multiples, vous pouvez apporter des am\u00e9liorations en mati\u00e8re d\u2019efficacit\u00e9 \u00e9nerg\u00e9tique gr\u00e2ce \u00e0 notre Programme \u00e9co\u00e9nerg\u00e9tique pour les appartements. Ces am\u00e9liorationspeuvent\u2026\t\t\t\t\t<\/div>\n\t\t\t\t\t<!-- <a class=\"featured-post-block-item-more\" href=\"\"><\/a> -->\n\t\t\t\t\t<a class=\"featured-post-block-item-more\" href=\"https:\/\/efficiencymb.ca\/fr\/articles\/des-economies-vertigineuses\/\" aria-label=\"Poursuivre la lecture... DES \u00c9CONOMIES VERTIGINEUSES\">Poursuivre la lecture&#8230;<\/a>\n\t\t\t\t<\/div>\n\t\t\t<\/div>\n\t\t\t<\/div>\n<\/div>\n\n\n\n<div style=\"height:100px\" aria-hidden=\"true\" class=\"wp-block-spacer\"><\/div>\n\n\n\n<p class=\"has-text-align-center wp-block-paragraph\">*<a href=\"https:\/\/www.clearesult.ca\/\">CLEAResult&nbsp;Canada<\/a> est notre fournisseur de services contractuels tiers.<\/p>\n\n\n<div class=\"wp-block-image\">\n<figure class=\"aligncenter size-full\"><img loading=\"lazy\" decoding=\"async\" width=\"2000\" height=\"400\" src=\"https:\/\/efficiencymb.ca\/wp-content\/uploads\/bg-bottom-only-blue-green@2x.png\" alt=\"\" class=\"wp-image-829\" srcset=\"https:\/\/efficiencymb.ca\/wp-content\/uploads\/bg-bottom-only-blue-green@2x.png 2000w, https:\/\/efficiencymb.ca\/wp-content\/uploads\/bg-bottom-only-blue-green@2x-479x96.png 479w, https:\/\/efficiencymb.ca\/wp-content\/uploads\/bg-bottom-only-blue-green@2x-1024x205.png 1024w, https:\/\/efficiencymb.ca\/wp-content\/uploads\/bg-bottom-only-blue-green@2x-768x154.png 768w, https:\/\/efficiencymb.ca\/wp-content\/uploads\/bg-bottom-only-blue-green@2x-1536x307.png 1536w\" sizes=\"auto, (max-width: 2000px) 100vw, 2000px\" \/><\/figure>\n<\/div>","protected":false},"excerpt":{"rendered":"<p>Le Programme \u00e9co\u00e9nerg\u00e9tique pour les appartements et les condos aide les gestionnaires immobiliers et les propri\u00e9taires \u00e0 r\u00e9duire leur consommation d\u2019\u00e9nergie gr\u00e2ce \u00e0 des am\u00e9liorations et des primes gratuites pour les immeubles admissibles.<\/p>\n","protected":false},"author":6,"featured_media":15167,"parent":0,"menu_order":0,"comment_status":"closed","ping_status":"closed","template":"","meta":{"_acf_changed":false,"footnotes":"","_members_access_role":[],"_members_access_error":""},"class_list":["post-24708","page","type-page","status-publish","has-post-thumbnail","hentry","page_cat-programs"],"acf":[],"yoast_head":"<!-- This site is optimized with the Yoast SEO plugin v28.4 - https:\/\/yoast.com\/product\/yoast-seo-wordpress\/ -->\n<title>Programme \u00e9co\u00e9nerg\u00e9tique pour les appartements et condos &#8212; Efficiency Manitoba<\/title>\n<meta name=\"description\" content=\"Les gestionnaires immobiliers et les propri\u00e9taires d\u2019immeubles r\u00e9sidentiels \u00e0 logements multiples peuvent obtenir des am\u00e9liorations \u00e9co\u00e9nerg\u00e9tiques et des primes gratuites.\" \/>\n<meta name=\"robots\" content=\"index, follow, max-snippet:-1, max-image-preview:large, max-video-preview:-1\" \/>\n<link rel=\"canonical\" href=\"https:\/\/efficiencymb.ca\/fr\/programme-ecoenergetique-dans-les-appartements\/\" \/>\n<meta property=\"og:locale\" content=\"fr_FR\" \/>\n<meta property=\"og:type\" content=\"article\" \/>\n<meta property=\"og:title\" content=\"Programme \u00e9co\u00e9nerg\u00e9tique pour les appartements et condos &#8212; Efficiency Manitoba\" \/>\n<meta property=\"og:description\" content=\"Les gestionnaires immobiliers et les propri\u00e9taires d\u2019immeubles r\u00e9sidentiels \u00e0 logements multiples peuvent obtenir des am\u00e9liorations \u00e9co\u00e9nerg\u00e9tiques et des primes gratuites.\" \/>\n<meta property=\"og:url\" content=\"https:\/\/efficiencymb.ca\/fr\/programme-ecoenergetique-dans-les-appartements\/\" \/>\n<meta property=\"og:site_name\" content=\"Efficiency Manitoba\" \/>\n<meta property=\"article:modified_time\" content=\"2026-09-02T19:03:47+00:00\" \/>\n<meta property=\"og:image\" content=\"https:\/\/efficiencymb.ca\/wp-content\/uploads\/in-suite-energy-efficiency-program-1058166532-scaled-e1642545380936.jpg\" \/>\n\t<meta property=\"og:image:width\" content=\"2560\" \/>\n\t<meta property=\"og:image:height\" content=\"950\" \/>\n\t<meta property=\"og:image:type\" content=\"image\/jpeg\" \/>\n<meta name=\"twitter:card\" content=\"summary_large_image\" \/>\n<meta name=\"twitter:label1\" content=\"Dur\u00e9e de lecture estim\u00e9e\" \/>\n\t<meta name=\"twitter:data1\" content=\"3 minutes\" \/>\n<script type=\"application\/ld+json\" class=\"yoast-schema-graph\">{\"@context\":\"https:\\\/\\\/schema.org\",\"@graph\":[{\"@type\":\"WebPage\",\"@id\":\"https:\\\/\\\/efficiencymb.ca\\\/fr\\\/programme-ecoenergetique-dans-les-appartements\\\/\",\"url\":\"https:\\\/\\\/efficiencymb.ca\\\/fr\\\/programme-ecoenergetique-dans-les-appartements\\\/\",\"name\":\"Programme \u00e9co\u00e9nerg\u00e9tique pour les appartements et condos &#8212; Efficiency Manitoba\",\"isPartOf\":{\"@id\":\"https:\\\/\\\/efficiencymb.ca\\\/#website\"},\"primaryImageOfPage\":{\"@id\":\"https:\\\/\\\/efficiencymb.ca\\\/fr\\\/programme-ecoenergetique-dans-les-appartements\\\/#primaryimage\"},\"image\":{\"@id\":\"https:\\\/\\\/efficiencymb.ca\\\/fr\\\/programme-ecoenergetique-dans-les-appartements\\\/#primaryimage\"},\"thumbnailUrl\":\"https:\\\/\\\/efficiencymb.ca\\\/wp-content\\\/uploads\\\/in-suite-energy-efficiency-program-1058166532-scaled-e1642545380936.jpg\",\"datePublished\":\"2022-01-07T15:00:03+00:00\",\"dateModified\":\"2026-09-02T19:03:47+00:00\",\"description\":\"Les gestionnaires immobiliers et les propri\u00e9taires d\u2019immeubles r\u00e9sidentiels \u00e0 logements multiples peuvent obtenir des am\u00e9liorations \u00e9co\u00e9nerg\u00e9tiques et des primes gratuites.\",\"breadcrumb\":{\"@id\":\"https:\\\/\\\/efficiencymb.ca\\\/fr\\\/programme-ecoenergetique-dans-les-appartements\\\/#breadcrumb\"},\"inLanguage\":\"fr-FR\",\"potentialAction\":[{\"@type\":\"ReadAction\",\"target\":[\"https:\\\/\\\/efficiencymb.ca\\\/fr\\\/programme-ecoenergetique-dans-les-appartements\\\/\"]}]},{\"@type\":\"ImageObject\",\"inLanguage\":\"fr-FR\",\"@id\":\"https:\\\/\\\/efficiencymb.ca\\\/fr\\\/programme-ecoenergetique-dans-les-appartements\\\/#primaryimage\",\"url\":\"https:\\\/\\\/efficiencymb.ca\\\/wp-content\\\/uploads\\\/in-suite-energy-efficiency-program-1058166532-scaled-e1642545380936.jpg\",\"contentUrl\":\"https:\\\/\\\/efficiencymb.ca\\\/wp-content\\\/uploads\\\/in-suite-energy-efficiency-program-1058166532-scaled-e1642545380936.jpg\",\"width\":2560,\"height\":950,\"caption\":\"Real estate agent and businessman customer, Image taken at average residential area with multiple ownership block of flats type of buildings.\"},{\"@type\":\"BreadcrumbList\",\"@id\":\"https:\\\/\\\/efficiencymb.ca\\\/fr\\\/programme-ecoenergetique-dans-les-appartements\\\/#breadcrumb\",\"itemListElement\":[{\"@type\":\"ListItem\",\"position\":1,\"name\":\"Home\",\"item\":\"https:\\\/\\\/efficiencymb.ca\\\/fr\\\/\"},{\"@type\":\"ListItem\",\"position\":2,\"name\":\"Programme \u00e9co\u00e9nerg\u00e9tique pour les appartements et condos\"}]},{\"@type\":\"WebSite\",\"@id\":\"https:\\\/\\\/efficiencymb.ca\\\/#website\",\"url\":\"https:\\\/\\\/efficiencymb.ca\\\/\",\"name\":\"Efficiency Manitoba\",\"description\":\"\",\"publisher\":{\"@id\":\"https:\\\/\\\/efficiencymb.ca\\\/#organization\"},\"potentialAction\":[{\"@type\":\"SearchAction\",\"target\":{\"@type\":\"EntryPoint\",\"urlTemplate\":\"https:\\\/\\\/efficiencymb.ca\\\/?s={search_term_string}\"},\"query-input\":{\"@type\":\"PropertyValueSpecification\",\"valueRequired\":true,\"valueName\":\"search_term_string\"}}],\"inLanguage\":\"fr-FR\"},{\"@type\":\"Organization\",\"@id\":\"https:\\\/\\\/efficiencymb.ca\\\/#organization\",\"name\":\"Efficiency Manitoba\",\"url\":\"https:\\\/\\\/efficiencymb.ca\\\/\",\"logo\":{\"@type\":\"ImageObject\",\"inLanguage\":\"fr-FR\",\"@id\":\"https:\\\/\\\/efficiencymb.ca\\\/#\\\/schema\\\/logo\\\/image\\\/\",\"url\":\"https:\\\/\\\/efficiencymb.ca\\\/wp-content\\\/uploads\\\/em-logo-white-en.png\",\"contentUrl\":\"https:\\\/\\\/efficiencymb.ca\\\/wp-content\\\/uploads\\\/em-logo-white-en.png\",\"width\":388,\"height\":91,\"caption\":\"Efficiency Manitoba\"},\"image\":{\"@id\":\"https:\\\/\\\/efficiencymb.ca\\\/#\\\/schema\\\/logo\\\/image\\\/\"},\"description\":\"Manitoba's Crown corporation dedicated to energy efficiency and long-term energy savings.\",\"legalName\":\"Efficiency Manitoba\"}]}<\/script>\n<!-- \/ Yoast SEO plugin. -->","yoast_head_json":{"title":"Programme \u00e9co\u00e9nerg\u00e9tique pour les appartements et condos &#8212; Efficiency Manitoba","description":"Les gestionnaires immobiliers et les propri\u00e9taires d\u2019immeubles r\u00e9sidentiels \u00e0 logements multiples peuvent obtenir des am\u00e9liorations \u00e9co\u00e9nerg\u00e9tiques et des primes gratuites.","robots":{"index":"index","follow":"follow","max-snippet":"max-snippet:-1","max-image-preview":"max-image-preview:large","max-video-preview":"max-video-preview:-1"},"canonical":"https:\/\/efficiencymb.ca\/fr\/programme-ecoenergetique-dans-les-appartements\/","og_locale":"fr_FR","og_type":"article","og_title":"Programme \u00e9co\u00e9nerg\u00e9tique pour les appartements et condos &#8212; Efficiency Manitoba","og_description":"Les gestionnaires immobiliers et les propri\u00e9taires d\u2019immeubles r\u00e9sidentiels \u00e0 logements multiples peuvent obtenir des am\u00e9liorations \u00e9co\u00e9nerg\u00e9tiques et des primes gratuites.","og_url":"https:\/\/efficiencymb.ca\/fr\/programme-ecoenergetique-dans-les-appartements\/","og_site_name":"Efficiency Manitoba","article_modified_time":"2026-09-02T19:03:47+00:00","og_image":[{"width":2560,"height":950,"url":"https:\/\/efficiencymb.ca\/wp-content\/uploads\/in-suite-energy-efficiency-program-1058166532-scaled-e1642545380936.jpg","type":"image\/jpeg"}],"twitter_card":"summary_large_image","twitter_misc":{"Dur\u00e9e de lecture estim\u00e9e":"3 minutes"},"schema":{"@context":"https:\/\/schema.org","@graph":[{"@type":"WebPage","@id":"https:\/\/efficiencymb.ca\/fr\/programme-ecoenergetique-dans-les-appartements\/","url":"https:\/\/efficiencymb.ca\/fr\/programme-ecoenergetique-dans-les-appartements\/","name":"Programme \u00e9co\u00e9nerg\u00e9tique pour les appartements et condos &#8212; Efficiency Manitoba","isPartOf":{"@id":"https:\/\/efficiencymb.ca\/#website"},"primaryImageOfPage":{"@id":"https:\/\/efficiencymb.ca\/fr\/programme-ecoenergetique-dans-les-appartements\/#primaryimage"},"image":{"@id":"https:\/\/efficiencymb.ca\/fr\/programme-ecoenergetique-dans-les-appartements\/#primaryimage"},"thumbnailUrl":"https:\/\/efficiencymb.ca\/wp-content\/uploads\/in-suite-energy-efficiency-program-1058166532-scaled-e1642545380936.jpg","datePublished":"2022-01-07T15:00:03+00:00","dateModified":"2026-09-02T19:03:47+00:00","description":"Les gestionnaires immobiliers et les propri\u00e9taires d\u2019immeubles r\u00e9sidentiels \u00e0 logements multiples peuvent obtenir des am\u00e9liorations \u00e9co\u00e9nerg\u00e9tiques et des primes gratuites.","breadcrumb":{"@id":"https:\/\/efficiencymb.ca\/fr\/programme-ecoenergetique-dans-les-appartements\/#breadcrumb"},"inLanguage":"fr-FR","potentialAction":[{"@type":"ReadAction","target":["https:\/\/efficiencymb.ca\/fr\/programme-ecoenergetique-dans-les-appartements\/"]}]},{"@type":"ImageObject","inLanguage":"fr-FR","@id":"https:\/\/efficiencymb.ca\/fr\/programme-ecoenergetique-dans-les-appartements\/#primaryimage","url":"https:\/\/efficiencymb.ca\/wp-content\/uploads\/in-suite-energy-efficiency-program-1058166532-scaled-e1642545380936.jpg","contentUrl":"https:\/\/efficiencymb.ca\/wp-content\/uploads\/in-suite-energy-efficiency-program-1058166532-scaled-e1642545380936.jpg","width":2560,"height":950,"caption":"Real estate agent and businessman customer, Image taken at average residential area with multiple ownership block of flats type of buildings."},{"@type":"BreadcrumbList","@id":"https:\/\/efficiencymb.ca\/fr\/programme-ecoenergetique-dans-les-appartements\/#breadcrumb","itemListElement":[{"@type":"ListItem","position":1,"name":"Home","item":"https:\/\/efficiencymb.ca\/fr\/"},{"@type":"ListItem","position":2,"name":"Programme \u00e9co\u00e9nerg\u00e9tique pour les appartements et condos"}]},{"@type":"WebSite","@id":"https:\/\/efficiencymb.ca\/#website","url":"https:\/\/efficiencymb.ca\/","name":"Efficiency Manitoba","description":"","publisher":{"@id":"https:\/\/efficiencymb.ca\/#organization"},"potentialAction":[{"@type":"SearchAction","target":{"@type":"EntryPoint","urlTemplate":"https:\/\/efficiencymb.ca\/?s={search_term_string}"},"query-input":{"@type":"PropertyValueSpecification","valueRequired":true,"valueName":"search_term_string"}}],"inLanguage":"fr-FR"},{"@type":"Organization","@id":"https:\/\/efficiencymb.ca\/#organization","name":"Efficiency Manitoba","url":"https:\/\/efficiencymb.ca\/","logo":{"@type":"ImageObject","inLanguage":"fr-FR","@id":"https:\/\/efficiencymb.ca\/#\/schema\/logo\/image\/","url":"https:\/\/efficiencymb.ca\/wp-content\/uploads\/em-logo-white-en.png","contentUrl":"https:\/\/efficiencymb.ca\/wp-content\/uploads\/em-logo-white-en.png","width":388,"height":91,"caption":"Efficiency Manitoba"},"image":{"@id":"https:\/\/efficiencymb.ca\/#\/schema\/logo\/image\/"},"description":"Manitoba's Crown corporation dedicated to energy efficiency and long-term energy savings.","legalName":"Efficiency Manitoba"}]}},"_links":{"self":[{"href":"https:\/\/efficiencymb.ca\/fr\/wp-json\/wp\/v2\/pages\/24708","targetHints":{"allow":["GET"]}}],"collection":[{"href":"https:\/\/efficiencymb.ca\/fr\/wp-json\/wp\/v2\/pages"}],"about":[{"href":"https:\/\/efficiencymb.ca\/fr\/wp-json\/wp\/v2\/types\/page"}],"author":[{"embeddable":true,"href":"https:\/\/efficiencymb.ca\/fr\/wp-json\/wp\/v2\/users\/6"}],"replies":[{"embeddable":true,"href":"https:\/\/efficiencymb.ca\/fr\/wp-json\/wp\/v2\/comments?post=24708"}],"version-history":[{"count":50,"href":"https:\/\/efficiencymb.ca\/fr\/wp-json\/wp\/v2\/pages\/24708\/revisions"}],"predecessor-version":[{"id":92090,"href":"https:\/\/efficiencymb.ca\/fr\/wp-json\/wp\/v2\/pages\/24708\/revisions\/92090"}],"wp:featuredmedia":[{"embeddable":true,"href":"https:\/\/efficiencymb.ca\/fr\/wp-json\/wp\/v2\/media\/15167"}],"wp:attachment":[{"href":"https:\/\/efficiencymb.ca\/fr\/wp-json\/wp\/v2\/media?parent=24708"}],"curies":[{"name":"wp","href":"https:\/\/api.w.org\/{rel}","templated":true}]}}