{"id":13134,"date":"2020-03-04T22:12:10","date_gmt":"2020-03-05T04:12:10","guid":{"rendered":"https:\/\/efficiencymb.ca\/my-home\/indigenous-offers\/"},"modified":"2025-06-16T14:30:14","modified_gmt":"2025-06-16T19:30:14","slug":"indigenous-offers","status":"publish","type":"page","link":"https:\/\/efficiencymb.ca\/fr\/ma-maison\/indigenous-offers\/","title":{"rendered":"Offres pour les autochtones"},"content":{"rendered":"\n<div class=\"wp-block-group is-style-content-wide\"><div class=\"wp-block-group__inner-container is-layout-constrained wp-block-group-is-layout-constrained\">\n<p class=\"has-text-align-center has-medium-font-size\">Nos offres aux Autochtones aident les communaut\u00e9s des Premi\u00e8res Nations et les citoyens m\u00e9tis de la rivi\u00e8re Rouge \u00e0 r\u00e9duire leurs factures \u00e9nerg\u00e9tiques gr\u00e2ce \u00e0 des am\u00e9liorations \u00e9co\u00e9nerg\u00e9tiques gratuites ou subventionn\u00e9es.<\/p>\n<\/div><\/div>\n\n\n\r\n\t<div class=\"category-block wp-block-columns wp-block-columns-3 container\">\r\n\t\t\t\t\t<div class=\"wp-block-column\">\r\n\t\t\t<div>\r\n\t\t\t\t<h2 class=\"has-text-align-left\"><a href=\"https:\/\/efficiencymb.ca\/fr\/ma-maison\/isolation-et-installation-directe\/\">Programme Ecoenergetique pour les Premieres Nations<\/a><\/h2>\r\n\t\t\t\t<p>Nous collaborons avec votre collectivit\u00e9 pour vous aider \u00e0 r\u00e9pondre \u00e0 vos besoins en mati\u00e8re d\u2019efficacit\u00e9 \u00e9nerg\u00e9tique, en vue de&#8230;<\/p>\r\n\t\t\t<\/div>\r\n\t\t\t                <figure class=\"\">\r\n                    <img decoding=\"async\" class=\"acf-figure-image\" \r\n            src=\"https:\/\/efficiencymb.ca\/wp-content\/uploads\/fn-insulation-and-direct-install-banner.jpg\"\r\n            srcset=\"https:\/\/efficiencymb.ca\/wp-content\/uploads\/fn-insulation-and-direct-install-banner.jpg 2400w, https:\/\/efficiencymb.ca\/wp-content\/uploads\/fn-insulation-and-direct-install-banner-479x269.jpg 479w, https:\/\/efficiencymb.ca\/wp-content\/uploads\/fn-insulation-and-direct-install-banner-1024x576.jpg 1024w, https:\/\/efficiencymb.ca\/wp-content\/uploads\/fn-insulation-and-direct-install-banner-768x432.jpg 768w, https:\/\/efficiencymb.ca\/wp-content\/uploads\/fn-insulation-and-direct-install-banner-1536x864.jpg 1536w, https:\/\/efficiencymb.ca\/wp-content\/uploads\/fn-insulation-and-direct-install-banner-2048x1152.jpg 2048w, https:\/\/efficiencymb.ca\/wp-content\/uploads\/fn-insulation-and-direct-install-banner-1920x1080.jpg 1920w\"\r\n            sizes=\"(max-width: 2400px) 100vw, 2400px\" \r\n            alt=\"M\u00e8re qui lit \u00e0 son enfant sous des couvertures\"\r\n        \/>\r\n                        <\/figure>\r\n            \t\t<\/div>\r\n\t\t\t\t\t<div class=\"wp-block-column\">\r\n\t\t\t<div>\r\n\t\t\t\t<h2 class=\"has-text-align-left\"><a href=\"https:\/\/efficiencymb.ca\/fr\/ma-maison\/offres-defficacite-energetique-pour-les-metis\/\">Offres d\u2019efficacit\u00e9 \u00e9nerg\u00e9tique pour les M\u00e9tis<\/a><\/h2>\r\n\t\t\t\t<p>R\u00e9duisez vos factures d\u2019\u00e9nergie et rehaussez le confort de votre maison en obtenant gratuitement des am\u00e9liorations \u00e9co\u00e9nerg\u00e9tiques ou des subventions&#8230;<\/p>\r\n\t\t\t<\/div>\r\n\t\t\t                <figure class=\"\">\r\n                    <img decoding=\"async\" class=\"acf-figure-image\" \r\n            src=\"https:\/\/efficiencymb.ca\/wp-content\/uploads\/metis-offers-banner.jpg\"\r\n            srcset=\"https:\/\/efficiencymb.ca\/wp-content\/uploads\/metis-offers-banner.jpg 2400w, https:\/\/efficiencymb.ca\/wp-content\/uploads\/metis-offers-banner-479x269.jpg 479w, https:\/\/efficiencymb.ca\/wp-content\/uploads\/metis-offers-banner-1024x576.jpg 1024w, https:\/\/efficiencymb.ca\/wp-content\/uploads\/metis-offers-banner-768x432.jpg 768w, https:\/\/efficiencymb.ca\/wp-content\/uploads\/metis-offers-banner-1536x864.jpg 1536w, https:\/\/efficiencymb.ca\/wp-content\/uploads\/metis-offers-banner-2048x1152.jpg 2048w, https:\/\/efficiencymb.ca\/wp-content\/uploads\/metis-offers-banner-1920x1080.jpg 1920w\"\r\n            sizes=\"(max-width: 2400px) 100vw, 2400px\" \r\n            alt=\"Femme installant une ampoule\"\r\n        \/>\r\n                        <\/figure>\r\n            \t\t<\/div>\r\n\t\t\t\t\t<div class=\"wp-block-column\">\r\n\t\t\t<div>\r\n\t\t\t\t<h2 class=\"has-text-align-left\"><a href=\"https:\/\/efficiencymb.ca\/fr\/communaute\/programme-ecoenergetique-pour-les-collectivites-autochtones\/\">Programme \u00e9co\u00e9nerg\u00e9tique pour les collectivit\u00e9s autochtones<\/a><\/h2>\r\n\t\t\t\t<p>Nous offrons aux collectivit\u00e9s la possibilit\u00e9 d\u2019embaucher un d\u00e9fenseur de l\u2019efficacit\u00e9 \u00e9nerg\u00e9tique qui cr\u00e9era et mettra en \u0153uvre des plans&#8230;<\/p>\r\n\t\t\t<\/div>\r\n\t\t\t                <figure class=\"\">\r\n                    <img decoding=\"async\" class=\"acf-figure-image\" \r\n            src=\"https:\/\/efficiencymb.ca\/wp-content\/uploads\/community-efficiency-banner.jpg\"\r\n            srcset=\"https:\/\/efficiencymb.ca\/wp-content\/uploads\/community-efficiency-banner.jpg 2400w, https:\/\/efficiencymb.ca\/wp-content\/uploads\/community-efficiency-banner-479x269.jpg 479w, https:\/\/efficiencymb.ca\/wp-content\/uploads\/community-efficiency-banner-1024x576.jpg 1024w, https:\/\/efficiencymb.ca\/wp-content\/uploads\/community-efficiency-banner-768x432.jpg 768w, https:\/\/efficiencymb.ca\/wp-content\/uploads\/community-efficiency-banner-1536x864.jpg 1536w, https:\/\/efficiencymb.ca\/wp-content\/uploads\/community-efficiency-banner-2048x1152.jpg 2048w, https:\/\/efficiencymb.ca\/wp-content\/uploads\/community-efficiency-banner-1920x1080.jpg 1920w\"\r\n            sizes=\"(max-width: 2400px) 100vw, 2400px\" \r\n            alt=\"Mains avec signes de $ et d'ampoule \u00e9lectrique\"\r\n        \/>\r\n                        <\/figure>\r\n            \t\t<\/div>\r\n\t\t\t\t\t<div class=\"wp-block-column\">\r\n\t\t\t<div>\r\n\t\t\t\t<h2 class=\"has-text-align-left\"><a href=\"https:\/\/efficiencymb.ca\/fr\/business\/programme-pour-petites-entreprises-autochtones\/\">Programme pour Petites Entreprises Autochtones<\/a><\/h2>\r\n\t\t\t\t<p>Nous offrons deux phases d\u2019am\u00e9liorations \u00e9co\u00e9nerg\u00e9tiques gratuites, sp\u00e9cialement pour les petites entreprises des Premi\u00e8res Nations et des M\u00e9tis, afin que&#8230;<\/p>\r\n\t\t\t<\/div>\r\n\t\t\t                <figure class=\"\">\r\n                    <img decoding=\"async\" class=\"acf-figure-image\" \r\n            src=\"https:\/\/efficiencymb.ca\/wp-content\/uploads\/indigenous-small-business-banner-1.jpg\"\r\n            srcset=\"https:\/\/efficiencymb.ca\/wp-content\/uploads\/indigenous-small-business-banner-1.jpg 2400w, https:\/\/efficiencymb.ca\/wp-content\/uploads\/indigenous-small-business-banner-1-479x269.jpg 479w, https:\/\/efficiencymb.ca\/wp-content\/uploads\/indigenous-small-business-banner-1-1024x576.jpg 1024w, https:\/\/efficiencymb.ca\/wp-content\/uploads\/indigenous-small-business-banner-1-768x432.jpg 768w, https:\/\/efficiencymb.ca\/wp-content\/uploads\/indigenous-small-business-banner-1-1536x864.jpg 1536w, https:\/\/efficiencymb.ca\/wp-content\/uploads\/indigenous-small-business-banner-1-2048x1152.jpg 2048w, https:\/\/efficiencymb.ca\/wp-content\/uploads\/indigenous-small-business-banner-1-1920x1080.jpg 1920w\"\r\n            sizes=\"(max-width: 2400px) 100vw, 2400px\" \r\n            alt=\"Autochtone dans un atelier\"\r\n        \/>\r\n                        <\/figure>\r\n            \t\t<\/div>\r\n\t\t\t\t\t<div class=\"wp-block-column\">\r\n\t\t\t<div>\r\n\t\t\t\t<h2 class=\"has-text-align-left\"><a href=\"https:\/\/efficiencymb.ca\/fr\/communaute\/programme-de-thermopompes-pour-les-communautes\/\">Programme de thermopompes pour les communaut\u00e9s<\/a><\/h2>\r\n\t\t\t\t<p>L\u2019utilisation de syst\u00e8mes de chauffage efficients, comme les thermopompes, peut r\u00e9duire la consommation d\u2019\u00e9nergie de votre communaut\u00e9 et permettre \u00e0&#8230;<\/p>\r\n\t\t\t<\/div>\r\n\t\t\t                <figure class=\"\">\r\n                    <img decoding=\"async\" class=\"acf-figure-image\" \r\n            src=\"https:\/\/efficiencymb.ca\/wp-content\/uploads\/landscape-at-sunset-pinetrees-community-ground-source-heat-pump-GettyImages-1953455342-scaled-e1745252918614.jpg\"\r\n            srcset=\"https:\/\/efficiencymb.ca\/wp-content\/uploads\/landscape-at-sunset-pinetrees-community-ground-source-heat-pump-GettyImages-1953455342-scaled-e1745252918614.jpg 2400w, https:\/\/efficiencymb.ca\/wp-content\/uploads\/landscape-at-sunset-pinetrees-community-ground-source-heat-pump-GettyImages-1953455342-scaled-e1745252918614-479x269.jpg 479w, https:\/\/efficiencymb.ca\/wp-content\/uploads\/landscape-at-sunset-pinetrees-community-ground-source-heat-pump-GettyImages-1953455342-scaled-e1745252918614-1024x576.jpg 1024w, https:\/\/efficiencymb.ca\/wp-content\/uploads\/landscape-at-sunset-pinetrees-community-ground-source-heat-pump-GettyImages-1953455342-scaled-e1745252918614-768x432.jpg 768w, https:\/\/efficiencymb.ca\/wp-content\/uploads\/landscape-at-sunset-pinetrees-community-ground-source-heat-pump-GettyImages-1953455342-scaled-e1745252918614-1536x864.jpg 1536w, https:\/\/efficiencymb.ca\/wp-content\/uploads\/landscape-at-sunset-pinetrees-community-ground-source-heat-pump-GettyImages-1953455342-scaled-e1745252918614-2048x1152.jpg 2048w, https:\/\/efficiencymb.ca\/wp-content\/uploads\/landscape-at-sunset-pinetrees-community-ground-source-heat-pump-GettyImages-1953455342-scaled-e1745252918614-1920x1080.jpg 1920w\"\r\n            sizes=\"(max-width: 2400px) 100vw, 2400px\" \r\n            alt=\"\"\r\n        \/>\r\n                        <\/figure>\r\n            \t\t<\/div>\r\n\t\t<\/div>\r\n\n\n\n<div style=\"height:100px\" aria-hidden=\"true\" class=\"wp-block-spacer\"><\/div>\n\n\n\n<div class=\"wp-block-group sub-carousel has-background\" style=\"background-color:#f4f3f3\"><div class=\"wp-block-group__inner-container is-layout-flow wp-block-group-is-layout-flow\">\n<div style=\"height:100px\" aria-hidden=\"true\" class=\"wp-block-spacer\"><\/div>\n\n\n\n<h2 class=\"wp-block-heading has-text-align-center is-style-hero-heading\">POUR EN SAVOIR PLUS<\/h2>\n\n\n\n<div class=\"featured-post-block\">\n\t<div class=\"featured-post-block-items\" data-slidesToShow=\"2\" data-auto=\"0\" data-autoplayspeed=\"\">\n\t\t\t\t\t<div class=\"featured-post-block-item\">\n\t\t\t\t<div class=\"featured-post-block-item-img\">\n\t\t\t\t\t<a class=\"featured-post-block-item-more\" href=\"https:\/\/efficiencymb.ca\/fr\/articles\/habiliter-les-communautes-autochones\/\"><img loading=\"lazy\" decoding=\"async\" width=\"2400\" height=\"1350\" src=\"https:\/\/efficiencymb.ca\/wp-content\/uploads\/skownan-first-nation-two-men-standing-outside-of-outsulation-project-on-home.jpg\" class=\"attachment-post-thumbnail size-post-thumbnail wp-post-image\" alt=\"HABILITER LES COMMUNAUT\u00c9S AUTOCHTONES\" srcset=\"https:\/\/efficiencymb.ca\/wp-content\/uploads\/skownan-first-nation-two-men-standing-outside-of-outsulation-project-on-home.jpg 2400w, https:\/\/efficiencymb.ca\/wp-content\/uploads\/skownan-first-nation-two-men-standing-outside-of-outsulation-project-on-home-479x269.jpg 479w, https:\/\/efficiencymb.ca\/wp-content\/uploads\/skownan-first-nation-two-men-standing-outside-of-outsulation-project-on-home-1024x576.jpg 1024w, https:\/\/efficiencymb.ca\/wp-content\/uploads\/skownan-first-nation-two-men-standing-outside-of-outsulation-project-on-home-768x432.jpg 768w, https:\/\/efficiencymb.ca\/wp-content\/uploads\/skownan-first-nation-two-men-standing-outside-of-outsulation-project-on-home-1536x864.jpg 1536w, https:\/\/efficiencymb.ca\/wp-content\/uploads\/skownan-first-nation-two-men-standing-outside-of-outsulation-project-on-home-2048x1152.jpg 2048w, https:\/\/efficiencymb.ca\/wp-content\/uploads\/skownan-first-nation-two-men-standing-outside-of-outsulation-project-on-home-1920x1080.jpg 1920w\" sizes=\"auto, (max-width: 2400px) 100vw, 2400px\" \/><\/a>\n\t\t\t\t<\/div>\n\t\t\t\t<div class=\"featured-post-block-item-content\">\n\t\t\t\t\t<h3 class=\"wp-block-getwid-template-post-title\"><a href=\"https:\/\/efficiencymb.ca\/fr\/articles\/habiliter-les-communautes-autochones\/\">HABILITER LES COMMUNAUT\u00c9S AUTOCHTONES<\/a><\/h3>\n\t\t\t\t\t<div class=\"featured-post-block-item-excerpt\">\n\t\t\t\t\t\tL\u2019efficacit\u00e9 \u00e9nerg\u00e9tique est un outil puissant de croissance durable et de g\u00e9rance de l\u2019environnement. Dans le cadre de notre Programme \u00e9co\u00e9nerg\u00e9tique pour les Premi\u00e8res Nations, nous collaborons avec les communaut\u00e9s\u2026\t\t\t\t\t<\/div>\n\t\t\t\t\t<!-- <a class=\"featured-post-block-item-more\" href=\"\"><\/a> -->\n\t\t\t\t\t<a class=\"featured-post-block-item-more\" href=\"https:\/\/efficiencymb.ca\/fr\/articles\/habiliter-les-communautes-autochones\/\" aria-label=\"Poursuivre la lecture... HABILITER LES COMMUNAUT\u00c9S AUTOCHTONES\">Poursuivre la lecture&#8230;<\/a>\n\t\t\t\t<\/div>\n\t\t\t<\/div>\n\t\t\t\t\t<div class=\"featured-post-block-item\">\n\t\t\t\t<div class=\"featured-post-block-item-img\">\n\t\t\t\t\t<a class=\"featured-post-block-item-more\" href=\"https:\/\/efficiencymb.ca\/fr\/articles\/projet-en-vedette-dene-cree-designs\/\"><img loading=\"lazy\" decoding=\"async\" width=\"2400\" height=\"1350\" src=\"https:\/\/efficiencymb.ca\/wp-content\/uploads\/Dene-Cree-Designs-2400x1350-1.png\" class=\"attachment-post-thumbnail size-post-thumbnail wp-post-image\" alt=\"PROJET EN VEDETTE : DENE CREE DESIGNS\" srcset=\"https:\/\/efficiencymb.ca\/wp-content\/uploads\/Dene-Cree-Designs-2400x1350-1.png 2400w, https:\/\/efficiencymb.ca\/wp-content\/uploads\/Dene-Cree-Designs-2400x1350-1-479x269.png 479w, https:\/\/efficiencymb.ca\/wp-content\/uploads\/Dene-Cree-Designs-2400x1350-1-1024x576.png 1024w, https:\/\/efficiencymb.ca\/wp-content\/uploads\/Dene-Cree-Designs-2400x1350-1-768x432.png 768w, https:\/\/efficiencymb.ca\/wp-content\/uploads\/Dene-Cree-Designs-2400x1350-1-1536x864.png 1536w, https:\/\/efficiencymb.ca\/wp-content\/uploads\/Dene-Cree-Designs-2400x1350-1-2048x1152.png 2048w, https:\/\/efficiencymb.ca\/wp-content\/uploads\/Dene-Cree-Designs-2400x1350-1-1920x1080.png 1920w\" sizes=\"auto, (max-width: 2400px) 100vw, 2400px\" \/><\/a>\n\t\t\t\t<\/div>\n\t\t\t\t<div class=\"featured-post-block-item-content\">\n\t\t\t\t\t<h3 class=\"wp-block-getwid-template-post-title\"><a href=\"https:\/\/efficiencymb.ca\/fr\/articles\/projet-en-vedette-dene-cree-designs\/\">PROJET EN VEDETTE : DENE CREE DESIGNS<\/a><\/h3>\n\t\t\t\t\t<div class=\"featured-post-block-item-excerpt\">\n\t\t\t\t\t\tNotre Programme pour petites entreprises autochtones est une solution compl\u00e8te qui aide les entreprises \u00e0 devenir plus \u00e9co\u00e9nerg\u00e9tiques et \u00e0 \u00e9conomiser de l\u2019argent. Nous offrons deux niveaux d\u2019am\u00e9liorations \u00e9co\u00e9nerg\u00e9tiques gratuites,\u2026\t\t\t\t\t<\/div>\n\t\t\t\t\t<!-- <a class=\"featured-post-block-item-more\" href=\"\"><\/a> -->\n\t\t\t\t\t<a class=\"featured-post-block-item-more\" href=\"https:\/\/efficiencymb.ca\/fr\/articles\/projet-en-vedette-dene-cree-designs\/\" aria-label=\"Poursuivre la lecture... PROJET EN VEDETTE : DENE CREE DESIGNS\">Poursuivre la lecture&#8230;<\/a>\n\t\t\t\t<\/div>\n\t\t\t<\/div>\n\t\t\t\t\t<div class=\"featured-post-block-item\">\n\t\t\t\t<div class=\"featured-post-block-item-img\">\n\t\t\t\t\t<a class=\"featured-post-block-item-more\" href=\"https:\/\/efficiencymb.ca\/fr\/articles\/partenariat-efficacite-manitoba-et-ravens-outcomes\/\"><img loading=\"lazy\" decoding=\"async\" width=\"2400\" height=\"1350\" src=\"https:\/\/efficiencymb.ca\/wp-content\/uploads\/2020\/02\/banner-news-release-en_2x.jpg\" class=\"attachment-post-thumbnail size-post-thumbnail wp-post-image\" alt=\"EFFICACIT\u00c9 MANITOBA ET RAVEN OUTCOMES S\u2019ASSOCIENT POUR ACCRO\u00ceTRE L\u2019EFFICACIT\u00c9 \u00c9NERG\u00c9TIQUE ET CR\u00c9ER DES EMPLOIS DANS LES COLLECTIVIT\u00c9S DES PREMI\u00c8RES NATIONS\" srcset=\"https:\/\/efficiencymb.ca\/wp-content\/uploads\/2020\/02\/banner-news-release-en_2x.jpg 2400w, https:\/\/efficiencymb.ca\/wp-content\/uploads\/2020\/02\/banner-news-release-en_2x-479x269.jpg 479w, https:\/\/efficiencymb.ca\/wp-content\/uploads\/2020\/02\/banner-news-release-en_2x-1024x576.jpg 1024w, https:\/\/efficiencymb.ca\/wp-content\/uploads\/2020\/02\/banner-news-release-en_2x-768x432.jpg 768w, https:\/\/efficiencymb.ca\/wp-content\/uploads\/2020\/02\/banner-news-release-en_2x-1536x864.jpg 1536w, https:\/\/efficiencymb.ca\/wp-content\/uploads\/2020\/02\/banner-news-release-en_2x-2048x1152.jpg 2048w, https:\/\/efficiencymb.ca\/wp-content\/uploads\/2020\/02\/banner-news-release-en_2x-1920x1080.jpg 1920w\" sizes=\"auto, (max-width: 2400px) 100vw, 2400px\" \/><\/a>\n\t\t\t\t<\/div>\n\t\t\t\t<div class=\"featured-post-block-item-content\">\n\t\t\t\t\t<h3 class=\"wp-block-getwid-template-post-title\"><a href=\"https:\/\/efficiencymb.ca\/fr\/articles\/partenariat-efficacite-manitoba-et-ravens-outcomes\/\">EFFICACIT\u00c9 MANITOBA ET RAVEN OUTCOMES S\u2019ASSOCIENT POUR ACCRO\u00ceTRE L\u2019EFFICACIT\u00c9 \u00c9NERG\u00c9TIQUE ET CR\u00c9ER DES EMPLOIS DANS LES COLLECTIVIT\u00c9S DES PREMI\u00c8RES NATIONS<\/a><\/h3>\n\t\t\t\t\t<div class=\"featured-post-block-item-excerpt\">\n\t\t\t\t\t\tAujourd\u2019hui, Efficacit\u00e9 Manitoba et Raven Outcomes ont annonc\u00e9 qu\u2019ils s\u2019engagent dans un nouveau partenariat transformateur visant \u00e0 faire avancer l\u2019efficacit\u00e9 \u00e9nerg\u00e9tique, \u00e0 am\u00e9liorer les logements et \u00e0 cr\u00e9er des possibilit\u00e9s\u2026\t\t\t\t\t<\/div>\n\t\t\t\t\t<!-- <a class=\"featured-post-block-item-more\" href=\"\"><\/a> -->\n\t\t\t\t\t<a class=\"featured-post-block-item-more\" href=\"https:\/\/efficiencymb.ca\/fr\/articles\/partenariat-efficacite-manitoba-et-ravens-outcomes\/\" aria-label=\"Poursuivre la lecture... EFFICACIT\u00c9 MANITOBA ET RAVEN OUTCOMES S\u2019ASSOCIENT POUR ACCRO\u00ceTRE L\u2019EFFICACIT\u00c9 \u00c9NERG\u00c9TIQUE ET CR\u00c9ER DES EMPLOIS DANS LES COLLECTIVIT\u00c9S DES PREMI\u00c8RES NATIONS\">Poursuivre la lecture&#8230;<\/a>\n\t\t\t\t<\/div>\n\t\t\t<\/div>\n\t\t\t\t\t<div class=\"featured-post-block-item\">\n\t\t\t\t<div class=\"featured-post-block-item-img\">\n\t\t\t\t\t<a class=\"featured-post-block-item-more\" href=\"https:\/\/efficiencymb.ca\/fr\/articles\/offres-defficacite-energetique-our-les-metis-nos-partenaires-apprecies\/\"><img loading=\"lazy\" decoding=\"async\" width=\"2560\" height=\"1510\" src=\"https:\/\/efficiencymb.ca\/wp-content\/uploads\/GettyImages-699423522-scaled-e1664224489402.jpg\" class=\"attachment-post-thumbnail size-post-thumbnail wp-post-image\" alt=\"OFFRES D&#039;EFFICACIT\u00c9 \u00c9NERG\u00c9TIQUE POUR LES M\u00c9TIS\" \/><\/a>\n\t\t\t\t<\/div>\n\t\t\t\t<div class=\"featured-post-block-item-content\">\n\t\t\t\t\t<h3 class=\"wp-block-getwid-template-post-title\"><a href=\"https:\/\/efficiencymb.ca\/fr\/articles\/offres-defficacite-energetique-our-les-metis-nos-partenaires-apprecies\/\">OFFRES D&rsquo;EFFICACIT\u00c9 \u00c9NERG\u00c9TIQUE POUR LES M\u00c9TIS<\/a><\/h3>\n\t\t\t\t\t<div class=\"featured-post-block-item-excerpt\">\n\t\t\t\t\t\tNos partenariats nous aident \u00e0 rejoindre toute la population du Manitoba pour lui permettre d\u2019apporter des am\u00e9liorations \u00e9co\u00e9nerg\u00e9tiques. Nous sommes fiers de collaborer avec la F\u00e9d\u00e9ration M\u00e9tisse du Manitoba (FMM),\u2026\t\t\t\t\t<\/div>\n\t\t\t\t\t<!-- <a class=\"featured-post-block-item-more\" href=\"\"><\/a> -->\n\t\t\t\t\t<a class=\"featured-post-block-item-more\" href=\"https:\/\/efficiencymb.ca\/fr\/articles\/offres-defficacite-energetique-our-les-metis-nos-partenaires-apprecies\/\" aria-label=\"Poursuivre la lecture... OFFRES D&rsquo;EFFICACIT\u00c9 \u00c9NERG\u00c9TIQUE POUR LES M\u00c9TIS\">Poursuivre la lecture&#8230;<\/a>\n\t\t\t\t<\/div>\n\t\t\t<\/div>\n\t\t\t\t\t<div class=\"featured-post-block-item\">\n\t\t\t\t<div class=\"featured-post-block-item-img\">\n\t\t\t\t\t<a class=\"featured-post-block-item-more\" href=\"https:\/\/efficiencymb.ca\/fr\/articles\/la-defense-des-interets-energetiques-des\/\"><img loading=\"lazy\" decoding=\"async\" width=\"2400\" height=\"1350\" src=\"https:\/\/efficiencymb.ca\/wp-content\/uploads\/Darby-Essie-banner-image-Indigenous-Energy-Advocacy-in-Motion.jpg\" class=\"attachment-post-thumbnail size-post-thumbnail wp-post-image\" alt=\"LA D\u00c9FENSE DES INT\u00c9R\u00caTS \u00c9NERG\u00c9TIQUES DES\" srcset=\"https:\/\/efficiencymb.ca\/wp-content\/uploads\/Darby-Essie-banner-image-Indigenous-Energy-Advocacy-in-Motion.jpg 2400w, https:\/\/efficiencymb.ca\/wp-content\/uploads\/Darby-Essie-banner-image-Indigenous-Energy-Advocacy-in-Motion-479x269.jpg 479w, https:\/\/efficiencymb.ca\/wp-content\/uploads\/Darby-Essie-banner-image-Indigenous-Energy-Advocacy-in-Motion-1024x576.jpg 1024w, https:\/\/efficiencymb.ca\/wp-content\/uploads\/Darby-Essie-banner-image-Indigenous-Energy-Advocacy-in-Motion-768x432.jpg 768w, https:\/\/efficiencymb.ca\/wp-content\/uploads\/Darby-Essie-banner-image-Indigenous-Energy-Advocacy-in-Motion-1536x864.jpg 1536w, https:\/\/efficiencymb.ca\/wp-content\/uploads\/Darby-Essie-banner-image-Indigenous-Energy-Advocacy-in-Motion-2048x1152.jpg 2048w, https:\/\/efficiencymb.ca\/wp-content\/uploads\/Darby-Essie-banner-image-Indigenous-Energy-Advocacy-in-Motion-1920x1080.jpg 1920w\" sizes=\"auto, (max-width: 2400px) 100vw, 2400px\" \/><\/a>\n\t\t\t\t<\/div>\n\t\t\t\t<div class=\"featured-post-block-item-content\">\n\t\t\t\t\t<h3 class=\"wp-block-getwid-template-post-title\"><a href=\"https:\/\/efficiencymb.ca\/fr\/articles\/la-defense-des-interets-energetiques-des\/\">LA D\u00c9FENSE DES INT\u00c9R\u00caTS \u00c9NERG\u00c9TIQUES DES<\/a><\/h3>\n\t\t\t\t\t<div class=\"featured-post-block-item-excerpt\">\n\t\t\t\t\t\tEn tant que d\u00e9fenseur de l\u2019efficacit\u00e9 \u00e9nerg\u00e9tique, financ\u00e9 par le Programme \u00e9co\u00e9nerg\u00e9tique pour les collectivit\u00e9s autochtones, Thurman \u00ab Darby \u00bb Essie ne se contente pas de prot\u00e9ger l\u2019environnement. Il est\u2026\t\t\t\t\t<\/div>\n\t\t\t\t\t<!-- <a class=\"featured-post-block-item-more\" href=\"\"><\/a> -->\n\t\t\t\t\t<a class=\"featured-post-block-item-more\" href=\"https:\/\/efficiencymb.ca\/fr\/articles\/la-defense-des-interets-energetiques-des\/\" aria-label=\"Poursuivre la lecture... LA D\u00c9FENSE DES INT\u00c9R\u00caTS \u00c9NERG\u00c9TIQUES DES\">Poursuivre la lecture&#8230;<\/a>\n\t\t\t\t<\/div>\n\t\t\t<\/div>\n\t\t\t\t\t<div class=\"featured-post-block-item\">\n\t\t\t\t<div class=\"featured-post-block-item-img\">\n\t\t\t\t\t<a class=\"featured-post-block-item-more\" href=\"https:\/\/efficiencymb.ca\/fr\/articles\/efficacite-manitoba-finance-le-programme-de-formation-et-dinstallation-de-thermopompes-geothermiques-pour-les-premieres-nations\/\"><img loading=\"lazy\" decoding=\"async\" width=\"2400\" height=\"1350\" src=\"https:\/\/efficiencymb.ca\/wp-content\/uploads\/2020\/02\/banner-news-release-fr_2x.jpg\" class=\"attachment-post-thumbnail size-post-thumbnail wp-post-image\" alt=\"EFFICACIT\u00c9 MANITOBA FINANCE LE PROGRAMME DE FORMATION ET D\u2019INSTALLATION DE THERMOPOMPES G\u00c9OTHERMIQUES POUR LES PREMI\u00c8RES NATIONS\" srcset=\"https:\/\/efficiencymb.ca\/wp-content\/uploads\/2020\/02\/banner-news-release-fr_2x.jpg 2400w, https:\/\/efficiencymb.ca\/wp-content\/uploads\/2020\/02\/banner-news-release-fr_2x-479x269.jpg 479w, https:\/\/efficiencymb.ca\/wp-content\/uploads\/2020\/02\/banner-news-release-fr_2x-1024x576.jpg 1024w, https:\/\/efficiencymb.ca\/wp-content\/uploads\/2020\/02\/banner-news-release-fr_2x-768x432.jpg 768w, https:\/\/efficiencymb.ca\/wp-content\/uploads\/2020\/02\/banner-news-release-fr_2x-1536x864.jpg 1536w, https:\/\/efficiencymb.ca\/wp-content\/uploads\/2020\/02\/banner-news-release-fr_2x-2048x1152.jpg 2048w, https:\/\/efficiencymb.ca\/wp-content\/uploads\/2020\/02\/banner-news-release-fr_2x-1920x1080.jpg 1920w\" sizes=\"auto, (max-width: 2400px) 100vw, 2400px\" \/><\/a>\n\t\t\t\t<\/div>\n\t\t\t\t<div class=\"featured-post-block-item-content\">\n\t\t\t\t\t<h3 class=\"wp-block-getwid-template-post-title\"><a href=\"https:\/\/efficiencymb.ca\/fr\/articles\/efficacite-manitoba-finance-le-programme-de-formation-et-dinstallation-de-thermopompes-geothermiques-pour-les-premieres-nations\/\">EFFICACIT\u00c9 MANITOBA FINANCE LE PROGRAMME DE FORMATION ET D\u2019INSTALLATION DE THERMOPOMPES G\u00c9OTHERMIQUES POUR LES PREMI\u00c8RES NATIONS<\/a><\/h3>\n\t\t\t\t\t<div class=\"featured-post-block-item-excerpt\">\n\t\t\t\t\t\tEfficacit\u00e9 Manitoba fournit un financement essentiel aux stagiaires autochtones sur la technologie et l\u2019installation de thermopompes g\u00e9othermiques dans les collectivit\u00e9s des Premi\u00e8res Nations. La soci\u00e9t\u00e9 d\u2019\u00c9tat, qui vise \u00e0 aider\u2026\t\t\t\t\t<\/div>\n\t\t\t\t\t<!-- <a class=\"featured-post-block-item-more\" href=\"\"><\/a> -->\n\t\t\t\t\t<a class=\"featured-post-block-item-more\" href=\"https:\/\/efficiencymb.ca\/fr\/articles\/efficacite-manitoba-finance-le-programme-de-formation-et-dinstallation-de-thermopompes-geothermiques-pour-les-premieres-nations\/\" aria-label=\"Poursuivre la lecture... EFFICACIT\u00c9 MANITOBA FINANCE LE PROGRAMME DE FORMATION ET D\u2019INSTALLATION DE THERMOPOMPES G\u00c9OTHERMIQUES POUR LES PREMI\u00c8RES NATIONS\">Poursuivre la lecture&#8230;<\/a>\n\t\t\t\t<\/div>\n\t\t\t<\/div>\n\t\t\t<\/div>\n<\/div>\n\n\n\n<div style=\"height:100px\" aria-hidden=\"true\" class=\"wp-block-spacer\"><\/div>\n<\/div><\/div>\n","protected":false},"excerpt":{"rendered":"<p>Nos offres aux Autochtones aident les communaut\u00e9s des Premi\u00e8res Nations et les citoyens m\u00e9tis de la rivi\u00e8re Rouge \u00e0 r\u00e9duire leurs factures \u00e9nerg\u00e9tiques gr\u00e2ce \u00e0 des am\u00e9liorations \u00e9co\u00e9nerg\u00e9tiques gratuites ou subventionn\u00e9es. POUR EN SAVOIR PLUS<\/p>\n","protected":false},"author":10,"featured_media":1368,"parent":13101,"menu_order":0,"comment_status":"closed","ping_status":"closed","template":"","meta":{"_acf_changed":false,"footnotes":""},"class_list":["post-13134","page","type-page","status-publish","has-post-thumbnail","hentry","page_cat-programs"],"acf":[],"yoast_head":"<!-- This site is optimized with the Yoast SEO plugin v27.3 - https:\/\/yoast.com\/product\/yoast-seo-wordpress\/ -->\n<title>Offres pour les autochtones &#8212; Efficiency Manitoba<\/title>\n<meta name=\"robots\" content=\"index, follow, max-snippet:-1, max-image-preview:large, max-video-preview:-1\" \/>\n<link rel=\"canonical\" href=\"https:\/\/efficiencymb.ca\/fr\/ma-maison\/indigenous-offers\/\" \/>\n<meta property=\"og:locale\" content=\"fr_FR\" \/>\n<meta property=\"og:type\" content=\"article\" \/>\n<meta property=\"og:title\" content=\"Offres pour les autochtones &#8212; Efficiency Manitoba\" \/>\n<meta property=\"og:description\" content=\"Nos offres aux Autochtones aident les communaut\u00e9s des Premi\u00e8res Nations et les citoyens m\u00e9tis de la rivi\u00e8re Rouge \u00e0 r\u00e9duire leurs factures \u00e9nerg\u00e9tiques gr\u00e2ce \u00e0 des am\u00e9liorations \u00e9co\u00e9nerg\u00e9tiques gratuites ou subventionn\u00e9es. POUR EN SAVOIR PLUS\" \/>\n<meta property=\"og:url\" content=\"https:\/\/efficiencymb.ca\/fr\/ma-maison\/indigenous-offers\/\" \/>\n<meta property=\"og:site_name\" content=\"Efficiency Manitoba\" \/>\n<meta property=\"article:modified_time\" content=\"2025-06-16T19:30:14+00:00\" \/>\n<meta property=\"og:image\" content=\"https:\/\/efficiencymb.ca\/wp-content\/uploads\/fn-insulation-and-direct-install-banner.jpg\" \/>\n\t<meta property=\"og:image:width\" content=\"2400\" \/>\n\t<meta property=\"og:image:height\" content=\"1350\" \/>\n\t<meta property=\"og:image:type\" content=\"image\/jpeg\" \/>\n<meta name=\"twitter:card\" content=\"summary_large_image\" \/>\n<meta name=\"twitter:label1\" content=\"Dur\u00e9e de lecture estim\u00e9e\" \/>\n\t<meta name=\"twitter:data1\" content=\"1 minute\" \/>\n<script type=\"application\/ld+json\" class=\"yoast-schema-graph\">{\"@context\":\"https:\\\/\\\/schema.org\",\"@graph\":[{\"@type\":\"WebPage\",\"@id\":\"https:\\\/\\\/efficiencymb.ca\\\/fr\\\/ma-maison\\\/indigenous-offers\\\/\",\"url\":\"https:\\\/\\\/efficiencymb.ca\\\/fr\\\/ma-maison\\\/indigenous-offers\\\/\",\"name\":\"Offres pour les autochtones &#8212; Efficiency Manitoba\",\"isPartOf\":{\"@id\":\"https:\\\/\\\/efficiencymb.ca\\\/#website\"},\"primaryImageOfPage\":{\"@id\":\"https:\\\/\\\/efficiencymb.ca\\\/fr\\\/ma-maison\\\/indigenous-offers\\\/#primaryimage\"},\"image\":{\"@id\":\"https:\\\/\\\/efficiencymb.ca\\\/fr\\\/ma-maison\\\/indigenous-offers\\\/#primaryimage\"},\"thumbnailUrl\":\"https:\\\/\\\/efficiencymb.ca\\\/wp-content\\\/uploads\\\/fn-insulation-and-direct-install-banner.jpg\",\"datePublished\":\"2020-03-05T04:12:10+00:00\",\"dateModified\":\"2025-06-16T19:30:14+00:00\",\"breadcrumb\":{\"@id\":\"https:\\\/\\\/efficiencymb.ca\\\/fr\\\/ma-maison\\\/indigenous-offers\\\/#breadcrumb\"},\"inLanguage\":\"fr-FR\",\"potentialAction\":[{\"@type\":\"ReadAction\",\"target\":[\"https:\\\/\\\/efficiencymb.ca\\\/fr\\\/ma-maison\\\/indigenous-offers\\\/\"]}]},{\"@type\":\"ImageObject\",\"inLanguage\":\"fr-FR\",\"@id\":\"https:\\\/\\\/efficiencymb.ca\\\/fr\\\/ma-maison\\\/indigenous-offers\\\/#primaryimage\",\"url\":\"https:\\\/\\\/efficiencymb.ca\\\/wp-content\\\/uploads\\\/fn-insulation-and-direct-install-banner.jpg\",\"contentUrl\":\"https:\\\/\\\/efficiencymb.ca\\\/wp-content\\\/uploads\\\/fn-insulation-and-direct-install-banner.jpg\",\"width\":2400,\"height\":1350,\"caption\":\"M\u00e8re qui lit \u00e0 son enfant sous des couvertures\"},{\"@type\":\"BreadcrumbList\",\"@id\":\"https:\\\/\\\/efficiencymb.ca\\\/fr\\\/ma-maison\\\/indigenous-offers\\\/#breadcrumb\",\"itemListElement\":[{\"@type\":\"ListItem\",\"position\":1,\"name\":\"Home\",\"item\":\"https:\\\/\\\/efficiencymb.ca\\\/fr\\\/\"},{\"@type\":\"ListItem\",\"position\":2,\"name\":\"Ma Maison\",\"item\":\"https:\\\/\\\/efficiencymb.ca\\\/fr\\\/ma-maison\\\/\"},{\"@type\":\"ListItem\",\"position\":3,\"name\":\"Offres pour les autochtones\"}]},{\"@type\":\"WebSite\",\"@id\":\"https:\\\/\\\/efficiencymb.ca\\\/#website\",\"url\":\"https:\\\/\\\/efficiencymb.ca\\\/\",\"name\":\"Efficiency Manitoba\",\"description\":\"\",\"publisher\":{\"@id\":\"https:\\\/\\\/efficiencymb.ca\\\/#organization\"},\"potentialAction\":[{\"@type\":\"SearchAction\",\"target\":{\"@type\":\"EntryPoint\",\"urlTemplate\":\"https:\\\/\\\/efficiencymb.ca\\\/?s={search_term_string}\"},\"query-input\":{\"@type\":\"PropertyValueSpecification\",\"valueRequired\":true,\"valueName\":\"search_term_string\"}}],\"inLanguage\":\"fr-FR\"},{\"@type\":\"Organization\",\"@id\":\"https:\\\/\\\/efficiencymb.ca\\\/#organization\",\"name\":\"Efficiency Manitoba\",\"url\":\"https:\\\/\\\/efficiencymb.ca\\\/\",\"logo\":{\"@type\":\"ImageObject\",\"inLanguage\":\"fr-FR\",\"@id\":\"https:\\\/\\\/efficiencymb.ca\\\/#\\\/schema\\\/logo\\\/image\\\/\",\"url\":\"https:\\\/\\\/efficiencymb.ca\\\/wp-content\\\/uploads\\\/em-logo-white-en.png\",\"contentUrl\":\"https:\\\/\\\/efficiencymb.ca\\\/wp-content\\\/uploads\\\/em-logo-white-en.png\",\"width\":388,\"height\":91,\"caption\":\"Efficiency Manitoba\"},\"image\":{\"@id\":\"https:\\\/\\\/efficiencymb.ca\\\/#\\\/schema\\\/logo\\\/image\\\/\"}}]}<\/script>\n<!-- \/ Yoast SEO plugin. -->","yoast_head_json":{"title":"Offres pour les autochtones &#8212; Efficiency Manitoba","robots":{"index":"index","follow":"follow","max-snippet":"max-snippet:-1","max-image-preview":"max-image-preview:large","max-video-preview":"max-video-preview:-1"},"canonical":"https:\/\/efficiencymb.ca\/fr\/ma-maison\/indigenous-offers\/","og_locale":"fr_FR","og_type":"article","og_title":"Offres pour les autochtones &#8212; Efficiency Manitoba","og_description":"Nos offres aux Autochtones aident les communaut\u00e9s des Premi\u00e8res Nations et les citoyens m\u00e9tis de la rivi\u00e8re Rouge \u00e0 r\u00e9duire leurs factures \u00e9nerg\u00e9tiques gr\u00e2ce \u00e0 des am\u00e9liorations \u00e9co\u00e9nerg\u00e9tiques gratuites ou subventionn\u00e9es. POUR EN SAVOIR PLUS","og_url":"https:\/\/efficiencymb.ca\/fr\/ma-maison\/indigenous-offers\/","og_site_name":"Efficiency Manitoba","article_modified_time":"2025-06-16T19:30:14+00:00","og_image":[{"width":2400,"height":1350,"url":"https:\/\/efficiencymb.ca\/wp-content\/uploads\/fn-insulation-and-direct-install-banner.jpg","type":"image\/jpeg"}],"twitter_card":"summary_large_image","twitter_misc":{"Dur\u00e9e de lecture estim\u00e9e":"1 minute"},"schema":{"@context":"https:\/\/schema.org","@graph":[{"@type":"WebPage","@id":"https:\/\/efficiencymb.ca\/fr\/ma-maison\/indigenous-offers\/","url":"https:\/\/efficiencymb.ca\/fr\/ma-maison\/indigenous-offers\/","name":"Offres pour les autochtones &#8212; Efficiency Manitoba","isPartOf":{"@id":"https:\/\/efficiencymb.ca\/#website"},"primaryImageOfPage":{"@id":"https:\/\/efficiencymb.ca\/fr\/ma-maison\/indigenous-offers\/#primaryimage"},"image":{"@id":"https:\/\/efficiencymb.ca\/fr\/ma-maison\/indigenous-offers\/#primaryimage"},"thumbnailUrl":"https:\/\/efficiencymb.ca\/wp-content\/uploads\/fn-insulation-and-direct-install-banner.jpg","datePublished":"2020-03-05T04:12:10+00:00","dateModified":"2025-06-16T19:30:14+00:00","breadcrumb":{"@id":"https:\/\/efficiencymb.ca\/fr\/ma-maison\/indigenous-offers\/#breadcrumb"},"inLanguage":"fr-FR","potentialAction":[{"@type":"ReadAction","target":["https:\/\/efficiencymb.ca\/fr\/ma-maison\/indigenous-offers\/"]}]},{"@type":"ImageObject","inLanguage":"fr-FR","@id":"https:\/\/efficiencymb.ca\/fr\/ma-maison\/indigenous-offers\/#primaryimage","url":"https:\/\/efficiencymb.ca\/wp-content\/uploads\/fn-insulation-and-direct-install-banner.jpg","contentUrl":"https:\/\/efficiencymb.ca\/wp-content\/uploads\/fn-insulation-and-direct-install-banner.jpg","width":2400,"height":1350,"caption":"M\u00e8re qui lit \u00e0 son enfant sous des couvertures"},{"@type":"BreadcrumbList","@id":"https:\/\/efficiencymb.ca\/fr\/ma-maison\/indigenous-offers\/#breadcrumb","itemListElement":[{"@type":"ListItem","position":1,"name":"Home","item":"https:\/\/efficiencymb.ca\/fr\/"},{"@type":"ListItem","position":2,"name":"Ma Maison","item":"https:\/\/efficiencymb.ca\/fr\/ma-maison\/"},{"@type":"ListItem","position":3,"name":"Offres pour les autochtones"}]},{"@type":"WebSite","@id":"https:\/\/efficiencymb.ca\/#website","url":"https:\/\/efficiencymb.ca\/","name":"Efficiency Manitoba","description":"","publisher":{"@id":"https:\/\/efficiencymb.ca\/#organization"},"potentialAction":[{"@type":"SearchAction","target":{"@type":"EntryPoint","urlTemplate":"https:\/\/efficiencymb.ca\/?s={search_term_string}"},"query-input":{"@type":"PropertyValueSpecification","valueRequired":true,"valueName":"search_term_string"}}],"inLanguage":"fr-FR"},{"@type":"Organization","@id":"https:\/\/efficiencymb.ca\/#organization","name":"Efficiency Manitoba","url":"https:\/\/efficiencymb.ca\/","logo":{"@type":"ImageObject","inLanguage":"fr-FR","@id":"https:\/\/efficiencymb.ca\/#\/schema\/logo\/image\/","url":"https:\/\/efficiencymb.ca\/wp-content\/uploads\/em-logo-white-en.png","contentUrl":"https:\/\/efficiencymb.ca\/wp-content\/uploads\/em-logo-white-en.png","width":388,"height":91,"caption":"Efficiency Manitoba"},"image":{"@id":"https:\/\/efficiencymb.ca\/#\/schema\/logo\/image\/"}}]}},"_links":{"self":[{"href":"https:\/\/efficiencymb.ca\/fr\/wp-json\/wp\/v2\/pages\/13134","targetHints":{"allow":["GET"]}}],"collection":[{"href":"https:\/\/efficiencymb.ca\/fr\/wp-json\/wp\/v2\/pages"}],"about":[{"href":"https:\/\/efficiencymb.ca\/fr\/wp-json\/wp\/v2\/types\/page"}],"author":[{"embeddable":true,"href":"https:\/\/efficiencymb.ca\/fr\/wp-json\/wp\/v2\/users\/10"}],"replies":[{"embeddable":true,"href":"https:\/\/efficiencymb.ca\/fr\/wp-json\/wp\/v2\/comments?post=13134"}],"version-history":[{"count":14,"href":"https:\/\/efficiencymb.ca\/fr\/wp-json\/wp\/v2\/pages\/13134\/revisions"}],"predecessor-version":[{"id":77349,"href":"https:\/\/efficiencymb.ca\/fr\/wp-json\/wp\/v2\/pages\/13134\/revisions\/77349"}],"up":[{"embeddable":true,"href":"https:\/\/efficiencymb.ca\/fr\/wp-json\/wp\/v2\/pages\/13101"}],"wp:featuredmedia":[{"embeddable":true,"href":"https:\/\/efficiencymb.ca\/fr\/wp-json\/wp\/v2\/media\/1368"}],"wp:attachment":[{"href":"https:\/\/efficiencymb.ca\/fr\/wp-json\/wp\/v2\/media?parent=13134"}],"curies":[{"name":"wp","href":"https:\/\/api.w.org\/{rel}","templated":true}]}}